{"id":1924,"date":"2024-04-17T21:02:29","date_gmt":"2024-04-17T21:02:29","guid":{"rendered":"https:\/\/www.elmiradordelhayedo.com\/inicio\/?page_id=1924"},"modified":"2026-04-21T09:21:24","modified_gmt":"2026-04-21T09:21:24","slug":"promocion-de-verano","status":"publish","type":"page","link":"https:\/\/www.elmiradordelhayedo.com\/inicio\/promocion-de-verano\/","title":{"rendered":"PROMOCIONES"},"content":{"rendered":"\t\t<div data-elementor-type=\"wp-page\" data-elementor-id=\"1924\" class=\"elementor elementor-1924\">\n\t\t\t\t\t\t\t\t\t<section class=\"elementor-section elementor-top-section elementor-element elementor-element-5495ec84 elementor-section-height-min-height elementor-section-items-stretch elementor-section-content-bottom elementor-reverse-tablet elementor-section-boxed elementor-section-height-default\" data-id=\"5495ec84\" data-element_type=\"section\">\n\t\t\t\t\t\t<div class=\"elementor-container elementor-column-gap-no\">\n\t\t\t\t\t<div class=\"elementor-column elementor-col-50 elementor-top-column elementor-element elementor-element-756732db\" data-id=\"756732db\" data-element_type=\"column\">\n\t\t\t<div class=\"elementor-widget-wrap elementor-element-populated\">\n\t\t\t\t\t\t\t\t<div class=\"elementor-element elementor-element-c2ecf35 elementor-widget-tablet__width-initial elementor-invisible elementor-widget elementor-widget-image\" data-id=\"c2ecf35\" data-element_type=\"widget\" data-settings=\"{&quot;_animation&quot;:&quot;slideInDown&quot;}\" data-widget_type=\"image.default\">\n\t\t\t\t<div class=\"elementor-widget-container\">\n\t\t\t<style>\/*! elementor - v3.13.2 - 11-05-2023 *\/\n.elementor-widget-image{text-align:center}.elementor-widget-image a{display:inline-block}.elementor-widget-image a img[src$=\".svg\"]{width:48px}.elementor-widget-image img{vertical-align:middle;display:inline-block}<\/style>\t\t\t\t\t\t\t\t\t\t\t\t<img loading=\"lazy\" decoding=\"async\" width=\"800\" height=\"533\" src=\"https:\/\/www.elmiradordelhayedo.com\/inicio\/wp-content\/uploads\/2022\/06\/El_Mirador_del_Hayedo_Casa_Rural_5-1024x682.jpg\" class=\"attachment-large size-large wp-image-405\" alt=\"\" srcset=\"https:\/\/www.elmiradordelhayedo.com\/inicio\/wp-content\/uploads\/2022\/06\/El_Mirador_del_Hayedo_Casa_Rural_5-1024x682.jpg 1024w, https:\/\/www.elmiradordelhayedo.com\/inicio\/wp-content\/uploads\/2022\/06\/El_Mirador_del_Hayedo_Casa_Rural_5-300x200.jpg 300w, https:\/\/www.elmiradordelhayedo.com\/inicio\/wp-content\/uploads\/2022\/06\/El_Mirador_del_Hayedo_Casa_Rural_5-768x512.jpg 768w, https:\/\/www.elmiradordelhayedo.com\/inicio\/wp-content\/uploads\/2022\/06\/El_Mirador_del_Hayedo_Casa_Rural_5-1536x1023.jpg 1536w, https:\/\/www.elmiradordelhayedo.com\/inicio\/wp-content\/uploads\/2022\/06\/El_Mirador_del_Hayedo_Casa_Rural_5.jpg 1801w\" sizes=\"auto, (max-width: 800px) 100vw, 800px\" \/>\t\t\t\t\t\t\t\t\t\t\t\t\t\t\t<\/div>\n\t\t\t\t<\/div>\n\t\t\t\t\t<\/div>\n\t\t<\/div>\n\t\t\t\t<div class=\"elementor-column elementor-col-50 elementor-top-column elementor-element elementor-element-5463953\" data-id=\"5463953\" data-element_type=\"column\" data-settings=\"{&quot;background_background&quot;:&quot;classic&quot;}\">\n\t\t\t<div class=\"elementor-widget-wrap elementor-element-populated\">\n\t\t\t\t\t\t\t\t<div class=\"elementor-element elementor-element-60dd93d9 elementor-widget-mobile__width-initial elementor-invisible elementor-widget elementor-widget-heading\" data-id=\"60dd93d9\" data-element_type=\"widget\" data-settings=\"{&quot;_animation&quot;:&quot;fadeInUp&quot;,&quot;_animation_delay&quot;:200}\" data-widget_type=\"heading.default\">\n\t\t\t\t<div class=\"elementor-widget-container\">\n\t\t\t<style>\/*! elementor - v3.13.2 - 11-05-2023 *\/\n.elementor-heading-title{padding:0;margin:0;line-height:1}.elementor-widget-heading .elementor-heading-title[class*=elementor-size-]>a{color:inherit;font-size:inherit;line-height:inherit}.elementor-widget-heading .elementor-heading-title.elementor-size-small{font-size:15px}.elementor-widget-heading .elementor-heading-title.elementor-size-medium{font-size:19px}.elementor-widget-heading .elementor-heading-title.elementor-size-large{font-size:29px}.elementor-widget-heading .elementor-heading-title.elementor-size-xl{font-size:39px}.elementor-widget-heading .elementor-heading-title.elementor-size-xxl{font-size:59px}<\/style><p class=\"elementor-heading-title elementor-size-small\">\u00a1\u00a1 Promoci\u00f3n !!<br><\/p>\t\t<\/div>\n\t\t\t\t<\/div>\n\t\t\t\t<div class=\"elementor-element elementor-element-6619669b elementor-widget-tablet__width-initial elementor-invisible elementor-widget elementor-widget-text-editor\" data-id=\"6619669b\" data-element_type=\"widget\" data-settings=\"{&quot;_animation&quot;:&quot;fadeInUp&quot;,&quot;_animation_delay&quot;:400,&quot;motion_fx_motion_fx_mouse&quot;:&quot;yes&quot;}\" data-widget_type=\"text-editor.default\">\n\t\t\t\t<div class=\"elementor-widget-container\">\n\t\t\t<style>\/*! elementor - v3.13.2 - 11-05-2023 *\/\n.elementor-widget-text-editor.elementor-drop-cap-view-stacked .elementor-drop-cap{background-color:#69727d;color:#fff}.elementor-widget-text-editor.elementor-drop-cap-view-framed .elementor-drop-cap{color:#69727d;border:3px solid;background-color:transparent}.elementor-widget-text-editor:not(.elementor-drop-cap-view-default) .elementor-drop-cap{margin-top:8px}.elementor-widget-text-editor:not(.elementor-drop-cap-view-default) .elementor-drop-cap-letter{width:1em;height:1em}.elementor-widget-text-editor .elementor-drop-cap{float:left;text-align:center;line-height:1;font-size:50px}.elementor-widget-text-editor .elementor-drop-cap-letter{display:inline-block}<\/style>\t\t\t\t<p>Fin de Semana<\/p>\n<p><b>22 a 24 de mayo<\/b><\/p>\n<h2><em><span style=\"background-color: transparent; font-size: 16px; color: inherit; font-family: inherit; letter-spacing: 0px;\"><b>&nbsp;10% de descuento&nbsp;<\/b><\/span><\/em><\/h2>\n<p>Si te interesa, nos puedes llamar: <b>699 181 170<\/b>, te esperamos !!<\/p>\t\t\t\t\t\t<\/div>\n\t\t\t\t<\/div>\n\t\t\t\t<div class=\"elementor-element elementor-element-4a3a681b elementor-widget__width-initial elementor-widget-tablet__width-inherit elementor-widget-mobile__width-inherit elementor-absolute elementor-widget elementor-widget-spacer\" data-id=\"4a3a681b\" data-element_type=\"widget\" data-settings=\"{&quot;_position&quot;:&quot;absolute&quot;}\" data-widget_type=\"spacer.default\">\n\t\t\t\t<div class=\"elementor-widget-container\">\n\t\t\t<style>\/*! elementor - v3.13.2 - 11-05-2023 *\/\n.elementor-column .elementor-spacer-inner{height:var(--spacer-size)}.e-con{--container-widget-width:100%}.e-con-inner>.elementor-widget-spacer,.e-con>.elementor-widget-spacer{width:var(--container-widget-width,var(--spacer-size));--align-self:var(--container-widget-align-self,initial);--flex-shrink:0}.e-con-inner>.elementor-widget-spacer>.elementor-widget-container,.e-con-inner>.elementor-widget-spacer>.elementor-widget-container>.elementor-spacer,.e-con>.elementor-widget-spacer>.elementor-widget-container,.e-con>.elementor-widget-spacer>.elementor-widget-container>.elementor-spacer{height:100%}.e-con-inner>.elementor-widget-spacer>.elementor-widget-container>.elementor-spacer>.elementor-spacer-inner,.e-con>.elementor-widget-spacer>.elementor-widget-container>.elementor-spacer>.elementor-spacer-inner{height:var(--container-widget-height,var(--spacer-size))}<\/style>\t\t<div class=\"elementor-spacer\">\n\t\t\t<div class=\"elementor-spacer-inner\"><\/div>\n\t\t<\/div>\n\t\t\t\t<\/div>\n\t\t\t\t<\/div>\n\t\t\t\t\t<\/div>\n\t\t<\/div>\n\t\t\t\t\t\t\t<\/div>\n\t\t<\/section>\n\t\t\t\t<section class=\"elementor-section elementor-top-section elementor-element elementor-element-23313458 elementor-section-height-min-height elementor-section-items-stretch elementor-section-content-bottom elementor-reverse-tablet elementor-section-boxed elementor-section-height-default\" data-id=\"23313458\" data-element_type=\"section\">\n\t\t\t\t\t\t<div class=\"elementor-container elementor-column-gap-no\">\n\t\t\t\t\t<div class=\"elementor-column elementor-col-50 elementor-top-column elementor-element elementor-element-4cbcd3d8\" data-id=\"4cbcd3d8\" data-element_type=\"column\" data-settings=\"{&quot;background_background&quot;:&quot;classic&quot;}\">\n\t\t\t<div class=\"elementor-widget-wrap elementor-element-populated\">\n\t\t\t\t\t\t\t\t<div class=\"elementor-element elementor-element-d915d60 elementor-widget__width-initial elementor-widget-mobile__width-initial elementor-widget-tablet__width-initial elementor-widget elementor-widget-image\" data-id=\"d915d60\" data-element_type=\"widget\" data-widget_type=\"image.default\">\n\t\t\t\t<div class=\"elementor-widget-container\">\n\t\t\t\t\t\t\t\t\t\t\t\t<figure class=\"wp-caption\">\n\t\t\t\t\t\t\t\t\t\t<img loading=\"lazy\" decoding=\"async\" width=\"800\" height=\"241\" src=\"https:\/\/www.elmiradordelhayedo.com\/inicio\/wp-content\/uploads\/2024\/04\/Solo-Tarifas-Verano-1024x309.jpg\" class=\"attachment-large size-large wp-image-1940\" alt=\"\" srcset=\"https:\/\/www.elmiradordelhayedo.com\/inicio\/wp-content\/uploads\/2024\/04\/Solo-Tarifas-Verano-1024x309.jpg 1024w, https:\/\/www.elmiradordelhayedo.com\/inicio\/wp-content\/uploads\/2024\/04\/Solo-Tarifas-Verano-300x91.jpg 300w, https:\/\/www.elmiradordelhayedo.com\/inicio\/wp-content\/uploads\/2024\/04\/Solo-Tarifas-Verano-768x232.jpg 768w, https:\/\/www.elmiradordelhayedo.com\/inicio\/wp-content\/uploads\/2024\/04\/Solo-Tarifas-Verano.jpg 1112w\" sizes=\"auto, (max-width: 800px) 100vw, 800px\" \/>\t\t\t\t\t\t\t\t\t\t\t<figcaption class=\"widget-image-caption wp-caption-text\"><\/figcaption>\n\t\t\t\t\t\t\t\t\t\t<\/figure>\n\t\t\t\t\t\t\t\t\t<\/div>\n\t\t\t\t<\/div>\n\t\t\t\t<div class=\"elementor-element elementor-element-37658d1 elementor-widget__width-initial elementor-widget-tablet__width-initial elementor-widget elementor-widget-image\" data-id=\"37658d1\" data-element_type=\"widget\" data-widget_type=\"image.default\">\n\t\t\t\t<div class=\"elementor-widget-container\">\n\t\t\t\t\t\t\t\t\t\t\t\t\t\t\t<img loading=\"lazy\" decoding=\"async\" width=\"800\" height=\"534\" src=\"https:\/\/www.elmiradordelhayedo.com\/inicio\/wp-content\/uploads\/2022\/06\/El_Mirador_del_Hayedo_Casa_Rural_90-1024x683.jpg\" class=\"attachment-large size-large wp-image-486\" alt=\"\" srcset=\"https:\/\/www.elmiradordelhayedo.com\/inicio\/wp-content\/uploads\/2022\/06\/El_Mirador_del_Hayedo_Casa_Rural_90-1024x683.jpg 1024w, https:\/\/www.elmiradordelhayedo.com\/inicio\/wp-content\/uploads\/2022\/06\/El_Mirador_del_Hayedo_Casa_Rural_90-300x200.jpg 300w, https:\/\/www.elmiradordelhayedo.com\/inicio\/wp-content\/uploads\/2022\/06\/El_Mirador_del_Hayedo_Casa_Rural_90-768x513.jpg 768w, https:\/\/www.elmiradordelhayedo.com\/inicio\/wp-content\/uploads\/2022\/06\/El_Mirador_del_Hayedo_Casa_Rural_90-1536x1025.jpg 1536w, https:\/\/www.elmiradordelhayedo.com\/inicio\/wp-content\/uploads\/2022\/06\/El_Mirador_del_Hayedo_Casa_Rural_90.jpg 1798w\" sizes=\"auto, (max-width: 800px) 100vw, 800px\" \/>\t\t\t\t\t\t\t\t\t\t\t\t\t\t\t<\/div>\n\t\t\t\t<\/div>\n\t\t\t\t\t<\/div>\n\t\t<\/div>\n\t\t\t\t<div class=\"elementor-column elementor-col-50 elementor-top-column elementor-element elementor-element-79fa8278\" data-id=\"79fa8278\" data-element_type=\"column\" data-settings=\"{&quot;background_background&quot;:&quot;classic&quot;}\">\n\t\t\t<div class=\"elementor-widget-wrap elementor-element-populated\">\n\t\t\t\t\t\t\t\t<div class=\"elementor-element elementor-element-27469d70 elementor-align-center elementor-widget elementor-widget-button\" data-id=\"27469d70\" data-element_type=\"widget\" data-widget_type=\"button.default\">\n\t\t\t\t<div class=\"elementor-widget-container\">\n\t\t\t\t\t<div class=\"elementor-button-wrapper\">\n\t\t\t<a href=\"tel:699181170\" class=\"elementor-button-link elementor-button elementor-size-sm\" role=\"button\">\n\t\t\t\t\t\t<span class=\"elementor-button-content-wrapper\">\n\t\t\t\t\t\t\t<span class=\"elementor-button-icon elementor-align-icon-left\">\n\t\t\t\t<i aria-hidden=\"true\" class=\"fas fa-phone-alt\"><\/i>\t\t\t<\/span>\n\t\t\t\t\t\t<span class=\"elementor-button-text\">Reservar: 699 181 170<\/span>\n\t\t<\/span>\n\t\t\t\t\t<\/a>\n\t\t<\/div>\n\t\t\t\t<\/div>\n\t\t\t\t<\/div>\n\t\t\t\t<div class=\"elementor-element elementor-element-3fc14f1 elementor-widget__width-initial elementor-widget-mobile__width-initial elementor-widget-tablet__width-initial elementor-invisible elementor-widget elementor-widget-heading\" data-id=\"3fc14f1\" data-element_type=\"widget\" data-settings=\"{&quot;_animation&quot;:&quot;fadeInUp&quot;,&quot;_animation_delay&quot;:200}\" data-widget_type=\"heading.default\">\n\t\t\t\t<div class=\"elementor-widget-container\">\n\t\t\t<h1 class=\"elementor-heading-title elementor-size-default\">C\u00f3mo reservar las Tarifas de verano de la casa<\/h1>\t\t<\/div>\n\t\t\t\t<\/div>\n\t\t\t\t<div class=\"elementor-element elementor-element-5fa7c1ad elementor-invisible elementor-widget elementor-widget-text-editor\" data-id=\"5fa7c1ad\" data-element_type=\"widget\" data-settings=\"{&quot;_animation&quot;:&quot;fadeInUp&quot;,&quot;_animation_delay&quot;:400}\" data-widget_type=\"text-editor.default\">\n\t\t\t\t<div class=\"elementor-widget-container\">\n\t\t\t\t\t\t\t<p>Si desea pedir informaci\u00f3n para realizar una reserva puede hacerlo a trav\u00e9s de los siguientes medios:<\/p><p><strong>Tel\u00e9fonos y whatsapp: <\/strong><a href=\"tel:699181170\">699 181 170<\/a><\/p><p><strong>E-mail:<\/strong>\u00a0<a href=\"mailto:reservas@elmiradordelhayedo.com\">reservas@elmiradordelhayedo.com<\/a><\/p><ul><li>En todas las opciones se entrega la Casa Completa con el n\u00famero de hu\u00e9spedes y el n\u00famero total de habitaciones contratado, en su caso.<\/li><li>En ocupaciones de 6 a 8 hu\u00e9spedes la est\u00e1ncia m\u00ednima es de una semana.<\/li><li>Para otras opciones de ocupaci\u00f3n puede contactarnos.<\/li><\/ul><p>Consulte \u201cNormas del alojamiento\u201d y \u201cPol\u00edtica de cancelaci\u00f3n\u201d.de verano<\/p>\t\t\t\t\t\t<\/div>\n\t\t\t\t<\/div>\n\t\t\t\t<div class=\"elementor-element elementor-element-408b9571 elementor-widget__width-initial elementor-widget-tablet__width-inherit elementor-widget-mobile__width-inherit elementor-absolute elementor-widget elementor-widget-spacer\" data-id=\"408b9571\" data-element_type=\"widget\" data-settings=\"{&quot;_position&quot;:&quot;absolute&quot;}\" data-widget_type=\"spacer.default\">\n\t\t\t\t<div class=\"elementor-widget-container\">\n\t\t\t\t\t<div class=\"elementor-spacer\">\n\t\t\t<div class=\"elementor-spacer-inner\"><\/div>\n\t\t<\/div>\n\t\t\t\t<\/div>\n\t\t\t\t<\/div>\n\t\t\t\t\t<\/div>\n\t\t<\/div>\n\t\t\t\t\t\t\t<\/div>\n\t\t<\/section>\n\t\t\t\t\t\t\t<\/div>\n\t\t","protected":false},"excerpt":{"rendered":"<p>\u00a1\u00a1 Promoci\u00f3n !! Fin de Semana 22 a 24 de mayo &nbsp;10% de descuento&nbsp; Si te interesa, nos puedes llamar: 699 181 170, te esperamos !! Reservar: 699 181 170 C\u00f3mo reservar las Tarifas de verano de la casa Si desea pedir informaci\u00f3n para realizar una reserva puede hacerlo a trav\u00e9s de los siguientes medios: [&hellip;]<\/p>\n","protected":false},"author":1,"featured_media":0,"parent":0,"menu_order":0,"comment_status":"closed","ping_status":"closed","template":"","meta":{"footnotes":""},"class_list":["post-1924","page","type-page","status-publish","hentry"],"yoast_head":"<!-- This site is optimized with the Yoast SEO plugin v22.5 - https:\/\/yoast.com\/wordpress\/plugins\/seo\/ -->\n<title>PROMOCIONES - El Mirador del Hayedo - Casa Rural<\/title>\n<meta name=\"description\" content=\"PROMOCIONES&quot; promoci\u00f3n de verano&quot;\" \/>\n<meta name=\"robots\" content=\"index, follow, max-snippet:-1, max-image-preview:large, max-video-preview:-1\" \/>\n<link rel=\"canonical\" href=\"https:\/\/www.elmiradordelhayedo.com\/inicio\/promocion-de-verano\/\" \/>\n<meta property=\"og:locale\" content=\"es_ES\" \/>\n<meta property=\"og:type\" content=\"article\" \/>\n<meta property=\"og:title\" content=\"PROMOCIONES - El Mirador del Hayedo - Casa Rural\" \/>\n<meta property=\"og:description\" content=\"PROMOCIONES&quot; promoci\u00f3n de verano&quot;\" \/>\n<meta property=\"og:url\" content=\"https:\/\/www.elmiradordelhayedo.com\/inicio\/promocion-de-verano\/\" \/>\n<meta property=\"og:site_name\" content=\"El Mirador del Hayedo - Casa Rural\" \/>\n<meta property=\"article:modified_time\" content=\"2026-04-21T09:21:24+00:00\" \/>\n<meta property=\"og:image\" content=\"https:\/\/www.elmiradordelhayedo.com\/inicio\/wp-content\/uploads\/2022\/06\/El_Mirador_del_Hayedo_Casa_Rural_5-1024x682.jpg\" \/>\n<meta name=\"twitter:card\" content=\"summary_large_image\" \/>\n<meta name=\"twitter:label1\" content=\"Tiempo de lectura\" \/>\n\t<meta name=\"twitter:data1\" content=\"2 minutos\" \/>\n<script type=\"application\/ld+json\" class=\"yoast-schema-graph\">{\"@context\":\"https:\/\/schema.org\",\"@graph\":[{\"@type\":\"WebPage\",\"@id\":\"https:\/\/www.elmiradordelhayedo.com\/inicio\/promocion-de-verano\/\",\"url\":\"https:\/\/www.elmiradordelhayedo.com\/inicio\/promocion-de-verano\/\",\"name\":\"PROMOCIONES - El Mirador del Hayedo - Casa Rural\",\"isPartOf\":{\"@id\":\"https:\/\/www.elmiradordelhayedo.com\/inicio\/#website\"},\"primaryImageOfPage\":{\"@id\":\"https:\/\/www.elmiradordelhayedo.com\/inicio\/promocion-de-verano\/#primaryimage\"},\"image\":{\"@id\":\"https:\/\/www.elmiradordelhayedo.com\/inicio\/promocion-de-verano\/#primaryimage\"},\"thumbnailUrl\":\"https:\/\/www.elmiradordelhayedo.com\/inicio\/wp-content\/uploads\/2022\/06\/El_Mirador_del_Hayedo_Casa_Rural_5-1024x682.jpg\",\"datePublished\":\"2024-04-17T21:02:29+00:00\",\"dateModified\":\"2026-04-21T09:21:24+00:00\",\"description\":\"PROMOCIONES\\\" promoci\u00f3n de verano\\\"\",\"breadcrumb\":{\"@id\":\"https:\/\/www.elmiradordelhayedo.com\/inicio\/promocion-de-verano\/#breadcrumb\"},\"inLanguage\":\"es\",\"potentialAction\":[{\"@type\":\"ReadAction\",\"target\":[\"https:\/\/www.elmiradordelhayedo.com\/inicio\/promocion-de-verano\/\"]}]},{\"@type\":\"ImageObject\",\"inLanguage\":\"es\",\"@id\":\"https:\/\/www.elmiradordelhayedo.com\/inicio\/promocion-de-verano\/#primaryimage\",\"url\":\"https:\/\/www.elmiradordelhayedo.com\/inicio\/wp-content\/uploads\/2022\/06\/El_Mirador_del_Hayedo_Casa_Rural_5.jpg\",\"contentUrl\":\"https:\/\/www.elmiradordelhayedo.com\/inicio\/wp-content\/uploads\/2022\/06\/El_Mirador_del_Hayedo_Casa_Rural_5.jpg\",\"width\":1801,\"height\":1200},{\"@type\":\"BreadcrumbList\",\"@id\":\"https:\/\/www.elmiradordelhayedo.com\/inicio\/promocion-de-verano\/#breadcrumb\",\"itemListElement\":[{\"@type\":\"ListItem\",\"position\":1,\"name\":\"Portada\",\"item\":\"https:\/\/www.elmiradordelhayedo.com\/inicio\/\"},{\"@type\":\"ListItem\",\"position\":2,\"name\":\"PROMOCIONES\"}]},{\"@type\":\"WebSite\",\"@id\":\"https:\/\/www.elmiradordelhayedo.com\/inicio\/#website\",\"url\":\"https:\/\/www.elmiradordelhayedo.com\/inicio\/\",\"name\":\"El Mirador del Hayedo\",\"description\":\"Casa Rural para familias y grupos de amigos en Riofr\u00edo de Riaza, cerca de la Pinilla y La Pedrosa - 699 181 170\",\"publisher\":{\"@id\":\"https:\/\/www.elmiradordelhayedo.com\/inicio\/#organization\"},\"alternateName\":\"Casa rural Riaza\",\"potentialAction\":[{\"@type\":\"SearchAction\",\"target\":{\"@type\":\"EntryPoint\",\"urlTemplate\":\"https:\/\/www.elmiradordelhayedo.com\/inicio\/?s={search_term_string}\"},\"query-input\":\"required name=search_term_string\"}],\"inLanguage\":\"es\"},{\"@type\":\"Organization\",\"@id\":\"https:\/\/www.elmiradordelhayedo.com\/inicio\/#organization\",\"name\":\"El Mirador del Hayedo\",\"url\":\"https:\/\/www.elmiradordelhayedo.com\/inicio\/\",\"logo\":{\"@type\":\"ImageObject\",\"inLanguage\":\"es\",\"@id\":\"https:\/\/www.elmiradordelhayedo.com\/inicio\/#\/schema\/logo\/image\/\",\"url\":\"https:\/\/www.elmiradordelhayedo.com\/inicio\/wp-content\/uploads\/2022\/05\/logo_elmiradordelhayedo_alojamiento_rural_telefono.png\",\"contentUrl\":\"https:\/\/www.elmiradordelhayedo.com\/inicio\/wp-content\/uploads\/2022\/05\/logo_elmiradordelhayedo_alojamiento_rural_telefono.png\",\"width\":726,\"height\":146,\"caption\":\"El Mirador del Hayedo\"},\"image\":{\"@id\":\"https:\/\/www.elmiradordelhayedo.com\/inicio\/#\/schema\/logo\/image\/\"},\"sameAs\":[\"https:\/\/www.instagram.com\/elmiradordelhayedo\/\"]}]}<\/script>\n<!-- \/ Yoast SEO plugin. -->","yoast_head_json":{"title":"PROMOCIONES - El Mirador del Hayedo - Casa Rural","description":"PROMOCIONES\" promoci\u00f3n de verano\"","robots":{"index":"index","follow":"follow","max-snippet":"max-snippet:-1","max-image-preview":"max-image-preview:large","max-video-preview":"max-video-preview:-1"},"canonical":"https:\/\/www.elmiradordelhayedo.com\/inicio\/promocion-de-verano\/","og_locale":"es_ES","og_type":"article","og_title":"PROMOCIONES - El Mirador del Hayedo - Casa Rural","og_description":"PROMOCIONES\" promoci\u00f3n de verano\"","og_url":"https:\/\/www.elmiradordelhayedo.com\/inicio\/promocion-de-verano\/","og_site_name":"El Mirador del Hayedo - Casa Rural","article_modified_time":"2026-04-21T09:21:24+00:00","og_image":[{"url":"https:\/\/www.elmiradordelhayedo.com\/inicio\/wp-content\/uploads\/2022\/06\/El_Mirador_del_Hayedo_Casa_Rural_5-1024x682.jpg"}],"twitter_card":"summary_large_image","twitter_misc":{"Tiempo de lectura":"2 minutos"},"schema":{"@context":"https:\/\/schema.org","@graph":[{"@type":"WebPage","@id":"https:\/\/www.elmiradordelhayedo.com\/inicio\/promocion-de-verano\/","url":"https:\/\/www.elmiradordelhayedo.com\/inicio\/promocion-de-verano\/","name":"PROMOCIONES - El Mirador del Hayedo - Casa Rural","isPartOf":{"@id":"https:\/\/www.elmiradordelhayedo.com\/inicio\/#website"},"primaryImageOfPage":{"@id":"https:\/\/www.elmiradordelhayedo.com\/inicio\/promocion-de-verano\/#primaryimage"},"image":{"@id":"https:\/\/www.elmiradordelhayedo.com\/inicio\/promocion-de-verano\/#primaryimage"},"thumbnailUrl":"https:\/\/www.elmiradordelhayedo.com\/inicio\/wp-content\/uploads\/2022\/06\/El_Mirador_del_Hayedo_Casa_Rural_5-1024x682.jpg","datePublished":"2024-04-17T21:02:29+00:00","dateModified":"2026-04-21T09:21:24+00:00","description":"PROMOCIONES\" promoci\u00f3n de verano\"","breadcrumb":{"@id":"https:\/\/www.elmiradordelhayedo.com\/inicio\/promocion-de-verano\/#breadcrumb"},"inLanguage":"es","potentialAction":[{"@type":"ReadAction","target":["https:\/\/www.elmiradordelhayedo.com\/inicio\/promocion-de-verano\/"]}]},{"@type":"ImageObject","inLanguage":"es","@id":"https:\/\/www.elmiradordelhayedo.com\/inicio\/promocion-de-verano\/#primaryimage","url":"https:\/\/www.elmiradordelhayedo.com\/inicio\/wp-content\/uploads\/2022\/06\/El_Mirador_del_Hayedo_Casa_Rural_5.jpg","contentUrl":"https:\/\/www.elmiradordelhayedo.com\/inicio\/wp-content\/uploads\/2022\/06\/El_Mirador_del_Hayedo_Casa_Rural_5.jpg","width":1801,"height":1200},{"@type":"BreadcrumbList","@id":"https:\/\/www.elmiradordelhayedo.com\/inicio\/promocion-de-verano\/#breadcrumb","itemListElement":[{"@type":"ListItem","position":1,"name":"Portada","item":"https:\/\/www.elmiradordelhayedo.com\/inicio\/"},{"@type":"ListItem","position":2,"name":"PROMOCIONES"}]},{"@type":"WebSite","@id":"https:\/\/www.elmiradordelhayedo.com\/inicio\/#website","url":"https:\/\/www.elmiradordelhayedo.com\/inicio\/","name":"El Mirador del Hayedo","description":"Casa Rural para familias y grupos de amigos en Riofr\u00edo de Riaza, cerca de la Pinilla y La Pedrosa - 699 181 170","publisher":{"@id":"https:\/\/www.elmiradordelhayedo.com\/inicio\/#organization"},"alternateName":"Casa rural Riaza","potentialAction":[{"@type":"SearchAction","target":{"@type":"EntryPoint","urlTemplate":"https:\/\/www.elmiradordelhayedo.com\/inicio\/?s={search_term_string}"},"query-input":"required name=search_term_string"}],"inLanguage":"es"},{"@type":"Organization","@id":"https:\/\/www.elmiradordelhayedo.com\/inicio\/#organization","name":"El Mirador del Hayedo","url":"https:\/\/www.elmiradordelhayedo.com\/inicio\/","logo":{"@type":"ImageObject","inLanguage":"es","@id":"https:\/\/www.elmiradordelhayedo.com\/inicio\/#\/schema\/logo\/image\/","url":"https:\/\/www.elmiradordelhayedo.com\/inicio\/wp-content\/uploads\/2022\/05\/logo_elmiradordelhayedo_alojamiento_rural_telefono.png","contentUrl":"https:\/\/www.elmiradordelhayedo.com\/inicio\/wp-content\/uploads\/2022\/05\/logo_elmiradordelhayedo_alojamiento_rural_telefono.png","width":726,"height":146,"caption":"El Mirador del Hayedo"},"image":{"@id":"https:\/\/www.elmiradordelhayedo.com\/inicio\/#\/schema\/logo\/image\/"},"sameAs":["https:\/\/www.instagram.com\/elmiradordelhayedo\/"]}]}},"_links":{"self":[{"href":"https:\/\/www.elmiradordelhayedo.com\/inicio\/wp-json\/wp\/v2\/pages\/1924","targetHints":{"allow":["GET"]}}],"collection":[{"href":"https:\/\/www.elmiradordelhayedo.com\/inicio\/wp-json\/wp\/v2\/pages"}],"about":[{"href":"https:\/\/www.elmiradordelhayedo.com\/inicio\/wp-json\/wp\/v2\/types\/page"}],"author":[{"embeddable":true,"href":"https:\/\/www.elmiradordelhayedo.com\/inicio\/wp-json\/wp\/v2\/users\/1"}],"replies":[{"embeddable":true,"href":"https:\/\/www.elmiradordelhayedo.com\/inicio\/wp-json\/wp\/v2\/comments?post=1924"}],"version-history":[{"count":127,"href":"https:\/\/www.elmiradordelhayedo.com\/inicio\/wp-json\/wp\/v2\/pages\/1924\/revisions"}],"predecessor-version":[{"id":2213,"href":"https:\/\/www.elmiradordelhayedo.com\/inicio\/wp-json\/wp\/v2\/pages\/1924\/revisions\/2213"}],"wp:attachment":[{"href":"https:\/\/www.elmiradordelhayedo.com\/inicio\/wp-json\/wp\/v2\/media?parent=1924"}],"curies":[{"name":"wp","href":"https:\/\/api.w.org\/{rel}","templated":true}]}}