{"id":1314,"date":"2023-01-22T19:03:13","date_gmt":"2023-01-22T19:03:13","guid":{"rendered":"https:\/\/www.elmiradordelhayedo.com\/inicio\/?page_id=1314"},"modified":"2024-05-15T19:37:10","modified_gmt":"2024-05-15T19:37:10","slug":"lapinilla","status":"publish","type":"page","link":"https:\/\/www.elmiradordelhayedo.com\/inicio\/lapinilla\/","title":{"rendered":"La Pinilla"},"content":{"rendered":"\t\t<div data-elementor-type=\"wp-page\" data-elementor-id=\"1314\" class=\"elementor elementor-1314\">\n\t\t\t\t\t\t\t\t\t<section class=\"elementor-section elementor-top-section elementor-element elementor-element-3ed3a55e elementor-section-height-min-height elementor-section-items-stretch elementor-section-content-bottom elementor-reverse-tablet elementor-section-boxed elementor-section-height-default\" data-id=\"3ed3a55e\" data-element_type=\"section\">\n\t\t\t\t\t\t<div class=\"elementor-container elementor-column-gap-no\">\n\t\t\t\t\t<div class=\"elementor-column elementor-col-50 elementor-top-column elementor-element elementor-element-147f9de0\" data-id=\"147f9de0\" data-element_type=\"column\">\n\t\t\t<div class=\"elementor-widget-wrap elementor-element-populated\">\n\t\t\t\t\t\t\t\t<div class=\"elementor-element elementor-element-3bb30b3a elementor-widget-mobile__width-initial elementor-invisible elementor-widget elementor-widget-image\" data-id=\"3bb30b3a\" data-element_type=\"widget\" data-settings=\"{&quot;_animation&quot;:&quot;slideInDown&quot;}\" data-widget_type=\"image.default\">\n\t\t\t\t<div class=\"elementor-widget-container\">\n\t\t\t<style>\/*! elementor - v3.13.2 - 11-05-2023 *\/\n.elementor-widget-image{text-align:center}.elementor-widget-image a{display:inline-block}.elementor-widget-image a img[src$=\".svg\"]{width:48px}.elementor-widget-image img{vertical-align:middle;display:inline-block}<\/style>\t\t\t\t\t\t\t\t\t\t\t\t<img decoding=\"async\" src=\"https:\/\/www.elmiradordelhayedo.com\/inicio\/wp-content\/uploads\/2023\/02\/casa_rural_el_mirador_del_hayedo_85.jpg\" title=\"casa_rural_el_mirador_del_hayedo_85\" alt=\"casa_rural_el_mirador_del_hayedo_85\" loading=\"lazy\" \/>\t\t\t\t\t\t\t\t\t\t\t\t\t\t\t<\/div>\n\t\t\t\t<\/div>\n\t\t\t\t\t<\/div>\n\t\t<\/div>\n\t\t\t\t<main class=\"elementor-column elementor-col-50 elementor-top-column elementor-element elementor-element-620d679e\" data-id=\"620d679e\" data-element_type=\"column\" data-settings=\"{&quot;background_background&quot;:&quot;classic&quot;}\">\n\t\t\t<div class=\"elementor-widget-wrap elementor-element-populated\">\n\t\t\t\t\t\t\t\t<div class=\"elementor-element elementor-element-2fd593d7 elementor-widget-mobile__width-initial elementor-invisible elementor-widget elementor-widget-heading\" data-id=\"2fd593d7\" data-element_type=\"widget\" data-settings=\"{&quot;_animation&quot;:&quot;fadeInUp&quot;,&quot;_animation_delay&quot;:200}\" data-widget_type=\"heading.default\">\n\t\t\t\t<div class=\"elementor-widget-container\">\n\t\t\t<style>\/*! elementor - v3.13.2 - 11-05-2023 *\/\n.elementor-heading-title{padding:0;margin:0;line-height:1}.elementor-widget-heading .elementor-heading-title[class*=elementor-size-]>a{color:inherit;font-size:inherit;line-height:inherit}.elementor-widget-heading .elementor-heading-title.elementor-size-small{font-size:15px}.elementor-widget-heading .elementor-heading-title.elementor-size-medium{font-size:19px}.elementor-widget-heading .elementor-heading-title.elementor-size-large{font-size:29px}.elementor-widget-heading .elementor-heading-title.elementor-size-xl{font-size:39px}.elementor-widget-heading .elementor-heading-title.elementor-size-xxl{font-size:59px}<\/style><h6 class=\"elementor-heading-title elementor-size-default\">Actividades de Verano\n\n<\/h6>\t\t<\/div>\n\t\t\t\t<\/div>\n\t\t\t\t<div class=\"elementor-element elementor-element-52b352ee elementor-widget-mobile__width-initial elementor-invisible elementor-widget elementor-widget-text-editor\" data-id=\"52b352ee\" data-element_type=\"widget\" data-settings=\"{&quot;_animation&quot;:&quot;fadeInUp&quot;,&quot;_animation_delay&quot;:400}\" data-widget_type=\"text-editor.default\">\n\t\t\t\t<div class=\"elementor-widget-container\">\n\t\t\t<style>\/*! elementor - v3.13.2 - 11-05-2023 *\/\n.elementor-widget-text-editor.elementor-drop-cap-view-stacked .elementor-drop-cap{background-color:#69727d;color:#fff}.elementor-widget-text-editor.elementor-drop-cap-view-framed .elementor-drop-cap{color:#69727d;border:3px solid;background-color:transparent}.elementor-widget-text-editor:not(.elementor-drop-cap-view-default) .elementor-drop-cap{margin-top:8px}.elementor-widget-text-editor:not(.elementor-drop-cap-view-default) .elementor-drop-cap-letter{width:1em;height:1em}.elementor-widget-text-editor .elementor-drop-cap{float:left;text-align:center;line-height:1;font-size:50px}.elementor-widget-text-editor .elementor-drop-cap-letter{display:inline-block}<\/style>\t\t\t\t<p><br><strong>La ESTACI\u00d3N DE ESQUI La Pinilla, a tan s\u00f3lo 5 kil\u00f3metros de \u00abEl Mirador del Hayedo\u00bb, prepara ya actividades de verano<\/strong><p>\n\nConsulta el tiempo: \u00a0<a href=\"https:\/\/www.aemet.es\/es\/eltiempo\/prediccion\/municipios\/riofrio-de-riaza-id40172\" target=\"_blank\" rel=\"noopener\">AEMET<\/a>\t\t\t\t\t\t<\/div>\n\t\t\t\t<\/div>\n\t\t\t\t<div class=\"elementor-element elementor-element-1684415e elementor-align-center elementor-widget elementor-widget-button\" data-id=\"1684415e\" data-element_type=\"widget\" data-widget_type=\"button.default\">\n\t\t\t\t<div class=\"elementor-widget-container\">\n\t\t\t\t\t<div class=\"elementor-button-wrapper\">\n\t\t\t<a href=\"tel:699181170\" class=\"elementor-button-link elementor-button elementor-size-sm\" role=\"button\">\n\t\t\t\t\t\t<span class=\"elementor-button-content-wrapper\">\n\t\t\t\t\t\t\t<span class=\"elementor-button-icon elementor-align-icon-left\">\n\t\t\t\t<i aria-hidden=\"true\" class=\"fas fa-phone-alt\"><\/i>\t\t\t<\/span>\n\t\t\t\t\t\t<span class=\"elementor-button-text\">Reservar: 699 181 170<\/span>\n\t\t<\/span>\n\t\t\t\t\t<\/a>\n\t\t<\/div>\n\t\t\t\t<\/div>\n\t\t\t\t<\/div>\n\t\t\t\t\t<\/div>\n\t\t<\/main>\n\t\t\t\t\t\t\t<\/div>\n\t\t<\/section>\n\t\t\t\t<section class=\"elementor-section elementor-top-section elementor-element elementor-element-8523360 elementor-section-boxed elementor-section-height-default elementor-section-height-default\" data-id=\"8523360\" data-element_type=\"section\">\n\t\t\t\t\t\t<div class=\"elementor-container elementor-column-gap-default\">\n\t\t\t\t\t<div class=\"elementor-column elementor-col-100 elementor-top-column elementor-element elementor-element-f9f9ef5\" data-id=\"f9f9ef5\" data-element_type=\"column\">\n\t\t\t<div class=\"elementor-widget-wrap elementor-element-populated\">\n\t\t\t\t\t\t\t\t<div class=\"elementor-element elementor-element-b91622d elementor-widget elementor-widget-heading\" data-id=\"b91622d\" data-element_type=\"widget\" data-widget_type=\"heading.default\">\n\t\t\t\t<div class=\"elementor-widget-container\">\n\t\t\t<h2 class=\"elementor-heading-title elementor-size-default\">Tiempo en RIOFRIO DE RIAZA<\/h2>\t\t<\/div>\n\t\t\t\t<\/div>\n\t\t\t\t<div class=\"elementor-element elementor-element-743ec1d elementor-widget elementor-widget-html\" data-id=\"743ec1d\" data-element_type=\"widget\" data-widget_type=\"html.default\">\n\t\t\t\t<div class=\"elementor-widget-container\">\n\t\t\t<div id=\"cont_f270f6e92d8ac8e0feee517d857758a3\"><script type=\"text\/javascript\" async src=\"https:\/\/www.tiempo.com\/wid_loader\/f270f6e92d8ac8e0feee517d857758a3\"><\/script><\/div>\t\t<\/div>\n\t\t\t\t<\/div>\n\t\t\t\t\t<\/div>\n\t\t<\/div>\n\t\t\t\t\t\t\t<\/div>\n\t\t<\/section>\n\t\t\t\t<section class=\"elementor-section elementor-top-section elementor-element elementor-element-89705b1 elementor-section-boxed elementor-section-height-default elementor-section-height-default\" data-id=\"89705b1\" data-element_type=\"section\">\n\t\t\t\t\t\t<div class=\"elementor-container elementor-column-gap-default\">\n\t\t\t\t\t<div class=\"elementor-column elementor-col-100 elementor-top-column elementor-element elementor-element-4c934c5\" data-id=\"4c934c5\" data-element_type=\"column\">\n\t\t\t<div class=\"elementor-widget-wrap elementor-element-populated\">\n\t\t\t\t\t\t\t\t<div class=\"elementor-element elementor-element-ed71111 elementor-widget elementor-widget-heading\" data-id=\"ed71111\" data-element_type=\"widget\" data-widget_type=\"heading.default\">\n\t\t\t\t<div class=\"elementor-widget-container\">\n\t\t\t<h2 class=\"elementor-heading-title elementor-size-default\">Tiempo en LA PINILLA<\/h2>\t\t<\/div>\n\t\t\t\t<\/div>\n\t\t\t\t<div class=\"elementor-element elementor-element-a77b2c7 elementor-widget elementor-widget-html\" data-id=\"a77b2c7\" data-element_type=\"widget\" data-widget_type=\"html.default\">\n\t\t\t\t<div class=\"elementor-widget-container\">\n\t\t\t<div id=\"cont_4863e06bb62367459ef6d8201663912a\"><script type=\"text\/javascript\" async src=\"https:\/\/www.tiempo.com\/wid_loader\/4863e06bb62367459ef6d8201663912a\"><\/script><\/div>\t\t<\/div>\n\t\t\t\t<\/div>\n\t\t\t\t\t<\/div>\n\t\t<\/div>\n\t\t\t\t\t\t\t<\/div>\n\t\t<\/section>\n\t\t\t\t<section class=\"elementor-section elementor-top-section elementor-element elementor-element-6862062 elementor-section-boxed elementor-section-height-default elementor-section-height-default\" data-id=\"6862062\" data-element_type=\"section\">\n\t\t\t\t\t\t<div class=\"elementor-container elementor-column-gap-extended\">\n\t\t\t\t\t<div class=\"elementor-column elementor-col-100 elementor-top-column elementor-element elementor-element-b52462e\" data-id=\"b52462e\" data-element_type=\"column\">\n\t\t\t<div class=\"elementor-widget-wrap\">\n\t\t\t\t\t\t\t\t\t<\/div>\n\t\t<\/div>\n\t\t\t\t\t\t\t<\/div>\n\t\t<\/section>\n\t\t\t\t<section class=\"elementor-section elementor-top-section elementor-element elementor-element-92bc32c elementor-section-boxed elementor-section-height-default elementor-section-height-default\" data-id=\"92bc32c\" data-element_type=\"section\">\n\t\t\t\t\t\t<div class=\"elementor-container elementor-column-gap-default\">\n\t\t\t\t\t<div class=\"elementor-column elementor-col-100 elementor-top-column elementor-element elementor-element-78be449\" data-id=\"78be449\" data-element_type=\"column\">\n\t\t\t<div class=\"elementor-widget-wrap\">\n\t\t\t\t\t\t\t\t\t<\/div>\n\t\t<\/div>\n\t\t\t\t\t\t\t<\/div>\n\t\t<\/section>\n\t\t\t\t\t\t\t<\/div>\n\t\t","protected":false},"excerpt":{"rendered":"<p>Actividades de Verano La ESTACI\u00d3N DE ESQUI La Pinilla, a tan s\u00f3lo 5 kil\u00f3metros de \u00abEl Mirador del Hayedo\u00bb, prepara ya actividades de verano Consulta el tiempo: \u00a0AEMET Reservar: 699 181 170 Tiempo en RIOFRIO DE RIAZA Tiempo en LA PINILLA<\/p>\n","protected":false},"author":2,"featured_media":0,"parent":0,"menu_order":0,"comment_status":"closed","ping_status":"closed","template":"","meta":{"footnotes":""},"class_list":["post-1314","page","type-page","status-publish","hentry"],"yoast_head":"<!-- This site is optimized with the Yoast SEO plugin v22.5 - https:\/\/yoast.com\/wordpress\/plugins\/seo\/ -->\n<title>La Pinilla - El Mirador del Hayedo - Casa Rural<\/title>\n<meta name=\"robots\" content=\"index, follow, max-snippet:-1, max-image-preview:large, max-video-preview:-1\" \/>\n<link rel=\"canonical\" href=\"https:\/\/www.elmiradordelhayedo.com\/inicio\/lapinilla\/\" \/>\n<meta property=\"og:locale\" content=\"es_ES\" \/>\n<meta property=\"og:type\" content=\"article\" \/>\n<meta property=\"og:title\" content=\"La Pinilla - El Mirador del Hayedo - Casa Rural\" \/>\n<meta property=\"og:description\" content=\"Actividades de Verano La ESTACI\u00d3N DE ESQUI La Pinilla, a tan s\u00f3lo 5 kil\u00f3metros de \u00abEl Mirador del Hayedo\u00bb, prepara ya actividades de verano Consulta el tiempo: \u00a0AEMET Reservar: 699 181 170 Tiempo en RIOFRIO DE RIAZA Tiempo en LA PINILLA\" \/>\n<meta property=\"og:url\" content=\"https:\/\/www.elmiradordelhayedo.com\/inicio\/lapinilla\/\" \/>\n<meta property=\"og:site_name\" content=\"El Mirador del Hayedo - Casa Rural\" \/>\n<meta property=\"article:modified_time\" content=\"2024-05-15T19:37:10+00:00\" \/>\n<meta property=\"og:image\" content=\"https:\/\/www.elmiradordelhayedo.com\/inicio\/wp-content\/uploads\/2023\/02\/casa_rural_el_mirador_del_hayedo_85.jpg\" \/>\n<meta name=\"twitter:card\" content=\"summary_large_image\" \/>\n<meta name=\"twitter:label1\" content=\"Tiempo de lectura\" \/>\n\t<meta name=\"twitter:data1\" content=\"1 minuto\" \/>\n<script type=\"application\/ld+json\" class=\"yoast-schema-graph\">{\"@context\":\"https:\/\/schema.org\",\"@graph\":[{\"@type\":\"WebPage\",\"@id\":\"https:\/\/www.elmiradordelhayedo.com\/inicio\/lapinilla\/\",\"url\":\"https:\/\/www.elmiradordelhayedo.com\/inicio\/lapinilla\/\",\"name\":\"La Pinilla - El Mirador del Hayedo - Casa Rural\",\"isPartOf\":{\"@id\":\"https:\/\/www.elmiradordelhayedo.com\/inicio\/#website\"},\"primaryImageOfPage\":{\"@id\":\"https:\/\/www.elmiradordelhayedo.com\/inicio\/lapinilla\/#primaryimage\"},\"image\":{\"@id\":\"https:\/\/www.elmiradordelhayedo.com\/inicio\/lapinilla\/#primaryimage\"},\"thumbnailUrl\":\"https:\/\/www.elmiradordelhayedo.com\/inicio\/wp-content\/uploads\/2023\/02\/casa_rural_el_mirador_del_hayedo_85.jpg\",\"datePublished\":\"2023-01-22T19:03:13+00:00\",\"dateModified\":\"2024-05-15T19:37:10+00:00\",\"breadcrumb\":{\"@id\":\"https:\/\/www.elmiradordelhayedo.com\/inicio\/lapinilla\/#breadcrumb\"},\"inLanguage\":\"es\",\"potentialAction\":[{\"@type\":\"ReadAction\",\"target\":[\"https:\/\/www.elmiradordelhayedo.com\/inicio\/lapinilla\/\"]}]},{\"@type\":\"ImageObject\",\"inLanguage\":\"es\",\"@id\":\"https:\/\/www.elmiradordelhayedo.com\/inicio\/lapinilla\/#primaryimage\",\"url\":\"https:\/\/www.elmiradordelhayedo.com\/inicio\/wp-content\/uploads\/2023\/02\/casa_rural_el_mirador_del_hayedo_85.jpg\",\"contentUrl\":\"https:\/\/www.elmiradordelhayedo.com\/inicio\/wp-content\/uploads\/2023\/02\/casa_rural_el_mirador_del_hayedo_85.jpg\",\"width\":1920,\"height\":1279},{\"@type\":\"BreadcrumbList\",\"@id\":\"https:\/\/www.elmiradordelhayedo.com\/inicio\/lapinilla\/#breadcrumb\",\"itemListElement\":[{\"@type\":\"ListItem\",\"position\":1,\"name\":\"Portada\",\"item\":\"https:\/\/www.elmiradordelhayedo.com\/inicio\/\"},{\"@type\":\"ListItem\",\"position\":2,\"name\":\"La Pinilla\"}]},{\"@type\":\"WebSite\",\"@id\":\"https:\/\/www.elmiradordelhayedo.com\/inicio\/#website\",\"url\":\"https:\/\/www.elmiradordelhayedo.com\/inicio\/\",\"name\":\"El Mirador del Hayedo\",\"description\":\"Casa Rural para familias y grupos de amigos en Riofr\u00edo de Riaza, cerca de la Pinilla y La Pedrosa - 699 181 170\",\"publisher\":{\"@id\":\"https:\/\/www.elmiradordelhayedo.com\/inicio\/#organization\"},\"alternateName\":\"Casa rural Riaza\",\"potentialAction\":[{\"@type\":\"SearchAction\",\"target\":{\"@type\":\"EntryPoint\",\"urlTemplate\":\"https:\/\/www.elmiradordelhayedo.com\/inicio\/?s={search_term_string}\"},\"query-input\":\"required name=search_term_string\"}],\"inLanguage\":\"es\"},{\"@type\":\"Organization\",\"@id\":\"https:\/\/www.elmiradordelhayedo.com\/inicio\/#organization\",\"name\":\"El Mirador del Hayedo\",\"url\":\"https:\/\/www.elmiradordelhayedo.com\/inicio\/\",\"logo\":{\"@type\":\"ImageObject\",\"inLanguage\":\"es\",\"@id\":\"https:\/\/www.elmiradordelhayedo.com\/inicio\/#\/schema\/logo\/image\/\",\"url\":\"https:\/\/www.elmiradordelhayedo.com\/inicio\/wp-content\/uploads\/2022\/05\/logo_elmiradordelhayedo_alojamiento_rural_telefono.png\",\"contentUrl\":\"https:\/\/www.elmiradordelhayedo.com\/inicio\/wp-content\/uploads\/2022\/05\/logo_elmiradordelhayedo_alojamiento_rural_telefono.png\",\"width\":726,\"height\":146,\"caption\":\"El Mirador del Hayedo\"},\"image\":{\"@id\":\"https:\/\/www.elmiradordelhayedo.com\/inicio\/#\/schema\/logo\/image\/\"},\"sameAs\":[\"https:\/\/www.instagram.com\/elmiradordelhayedo\/\"]}]}<\/script>\n<!-- \/ Yoast SEO plugin. -->","yoast_head_json":{"title":"La Pinilla - El Mirador del Hayedo - Casa Rural","robots":{"index":"index","follow":"follow","max-snippet":"max-snippet:-1","max-image-preview":"max-image-preview:large","max-video-preview":"max-video-preview:-1"},"canonical":"https:\/\/www.elmiradordelhayedo.com\/inicio\/lapinilla\/","og_locale":"es_ES","og_type":"article","og_title":"La Pinilla - El Mirador del Hayedo - Casa Rural","og_description":"Actividades de Verano La ESTACI\u00d3N DE ESQUI La Pinilla, a tan s\u00f3lo 5 kil\u00f3metros de \u00abEl Mirador del Hayedo\u00bb, prepara ya actividades de verano Consulta el tiempo: \u00a0AEMET Reservar: 699 181 170 Tiempo en RIOFRIO DE RIAZA Tiempo en LA PINILLA","og_url":"https:\/\/www.elmiradordelhayedo.com\/inicio\/lapinilla\/","og_site_name":"El Mirador del Hayedo - Casa Rural","article_modified_time":"2024-05-15T19:37:10+00:00","og_image":[{"url":"https:\/\/www.elmiradordelhayedo.com\/inicio\/wp-content\/uploads\/2023\/02\/casa_rural_el_mirador_del_hayedo_85.jpg"}],"twitter_card":"summary_large_image","twitter_misc":{"Tiempo de lectura":"1 minuto"},"schema":{"@context":"https:\/\/schema.org","@graph":[{"@type":"WebPage","@id":"https:\/\/www.elmiradordelhayedo.com\/inicio\/lapinilla\/","url":"https:\/\/www.elmiradordelhayedo.com\/inicio\/lapinilla\/","name":"La Pinilla - El Mirador del Hayedo - Casa Rural","isPartOf":{"@id":"https:\/\/www.elmiradordelhayedo.com\/inicio\/#website"},"primaryImageOfPage":{"@id":"https:\/\/www.elmiradordelhayedo.com\/inicio\/lapinilla\/#primaryimage"},"image":{"@id":"https:\/\/www.elmiradordelhayedo.com\/inicio\/lapinilla\/#primaryimage"},"thumbnailUrl":"https:\/\/www.elmiradordelhayedo.com\/inicio\/wp-content\/uploads\/2023\/02\/casa_rural_el_mirador_del_hayedo_85.jpg","datePublished":"2023-01-22T19:03:13+00:00","dateModified":"2024-05-15T19:37:10+00:00","breadcrumb":{"@id":"https:\/\/www.elmiradordelhayedo.com\/inicio\/lapinilla\/#breadcrumb"},"inLanguage":"es","potentialAction":[{"@type":"ReadAction","target":["https:\/\/www.elmiradordelhayedo.com\/inicio\/lapinilla\/"]}]},{"@type":"ImageObject","inLanguage":"es","@id":"https:\/\/www.elmiradordelhayedo.com\/inicio\/lapinilla\/#primaryimage","url":"https:\/\/www.elmiradordelhayedo.com\/inicio\/wp-content\/uploads\/2023\/02\/casa_rural_el_mirador_del_hayedo_85.jpg","contentUrl":"https:\/\/www.elmiradordelhayedo.com\/inicio\/wp-content\/uploads\/2023\/02\/casa_rural_el_mirador_del_hayedo_85.jpg","width":1920,"height":1279},{"@type":"BreadcrumbList","@id":"https:\/\/www.elmiradordelhayedo.com\/inicio\/lapinilla\/#breadcrumb","itemListElement":[{"@type":"ListItem","position":1,"name":"Portada","item":"https:\/\/www.elmiradordelhayedo.com\/inicio\/"},{"@type":"ListItem","position":2,"name":"La Pinilla"}]},{"@type":"WebSite","@id":"https:\/\/www.elmiradordelhayedo.com\/inicio\/#website","url":"https:\/\/www.elmiradordelhayedo.com\/inicio\/","name":"El Mirador del Hayedo","description":"Casa Rural para familias y grupos de amigos en Riofr\u00edo de Riaza, cerca de la Pinilla y La Pedrosa - 699 181 170","publisher":{"@id":"https:\/\/www.elmiradordelhayedo.com\/inicio\/#organization"},"alternateName":"Casa rural Riaza","potentialAction":[{"@type":"SearchAction","target":{"@type":"EntryPoint","urlTemplate":"https:\/\/www.elmiradordelhayedo.com\/inicio\/?s={search_term_string}"},"query-input":"required name=search_term_string"}],"inLanguage":"es"},{"@type":"Organization","@id":"https:\/\/www.elmiradordelhayedo.com\/inicio\/#organization","name":"El Mirador del Hayedo","url":"https:\/\/www.elmiradordelhayedo.com\/inicio\/","logo":{"@type":"ImageObject","inLanguage":"es","@id":"https:\/\/www.elmiradordelhayedo.com\/inicio\/#\/schema\/logo\/image\/","url":"https:\/\/www.elmiradordelhayedo.com\/inicio\/wp-content\/uploads\/2022\/05\/logo_elmiradordelhayedo_alojamiento_rural_telefono.png","contentUrl":"https:\/\/www.elmiradordelhayedo.com\/inicio\/wp-content\/uploads\/2022\/05\/logo_elmiradordelhayedo_alojamiento_rural_telefono.png","width":726,"height":146,"caption":"El Mirador del Hayedo"},"image":{"@id":"https:\/\/www.elmiradordelhayedo.com\/inicio\/#\/schema\/logo\/image\/"},"sameAs":["https:\/\/www.instagram.com\/elmiradordelhayedo\/"]}]}},"_links":{"self":[{"href":"https:\/\/www.elmiradordelhayedo.com\/inicio\/wp-json\/wp\/v2\/pages\/1314","targetHints":{"allow":["GET"]}}],"collection":[{"href":"https:\/\/www.elmiradordelhayedo.com\/inicio\/wp-json\/wp\/v2\/pages"}],"about":[{"href":"https:\/\/www.elmiradordelhayedo.com\/inicio\/wp-json\/wp\/v2\/types\/page"}],"author":[{"embeddable":true,"href":"https:\/\/www.elmiradordelhayedo.com\/inicio\/wp-json\/wp\/v2\/users\/2"}],"replies":[{"embeddable":true,"href":"https:\/\/www.elmiradordelhayedo.com\/inicio\/wp-json\/wp\/v2\/comments?post=1314"}],"version-history":[{"count":69,"href":"https:\/\/www.elmiradordelhayedo.com\/inicio\/wp-json\/wp\/v2\/pages\/1314\/revisions"}],"predecessor-version":[{"id":2130,"href":"https:\/\/www.elmiradordelhayedo.com\/inicio\/wp-json\/wp\/v2\/pages\/1314\/revisions\/2130"}],"wp:attachment":[{"href":"https:\/\/www.elmiradordelhayedo.com\/inicio\/wp-json\/wp\/v2\/media?parent=1314"}],"curies":[{"name":"wp","href":"https:\/\/api.w.org\/{rel}","templated":true}]}}