{"id":1211,"date":"2022-09-17T08:36:05","date_gmt":"2022-09-17T08:36:05","guid":{"rendered":"https:\/\/www.elmiradordelhayedo.com\/inicio\/?page_id=1211"},"modified":"2023-05-13T16:07:03","modified_gmt":"2023-05-13T16:07:03","slug":"politica-de-cancelacion","status":"publish","type":"page","link":"https:\/\/www.elmiradordelhayedo.com\/inicio\/politica-de-cancelacion\/","title":{"rendered":"Pol\u00edtica de cancelaci\u00f3n"},"content":{"rendered":"\t\t<div data-elementor-type=\"wp-page\" data-elementor-id=\"1211\" class=\"elementor elementor-1211\">\n\t\t\t\t\t\t\t\t\t<section class=\"elementor-section elementor-top-section elementor-element elementor-element-6a447a97 elementor-section-boxed elementor-section-height-default elementor-section-height-default\" data-id=\"6a447a97\" data-element_type=\"section\">\n\t\t\t\t\t\t<div class=\"elementor-container elementor-column-gap-default\">\n\t\t\t\t\t<div class=\"elementor-column elementor-col-100 elementor-top-column elementor-element elementor-element-19155f09\" data-id=\"19155f09\" data-element_type=\"column\">\n\t\t\t<div class=\"elementor-widget-wrap elementor-element-populated\">\n\t\t\t\t\t\t\t\t<div class=\"elementor-element elementor-element-77e90500 elementor-widget elementor-widget-heading\" data-id=\"77e90500\" data-element_type=\"widget\" data-widget_type=\"heading.default\">\n\t\t\t\t<div class=\"elementor-widget-container\">\n\t\t\t<style>\/*! elementor - v3.13.2 - 11-05-2023 *\/\n.elementor-heading-title{padding:0;margin:0;line-height:1}.elementor-widget-heading .elementor-heading-title[class*=elementor-size-]>a{color:inherit;font-size:inherit;line-height:inherit}.elementor-widget-heading .elementor-heading-title.elementor-size-small{font-size:15px}.elementor-widget-heading .elementor-heading-title.elementor-size-medium{font-size:19px}.elementor-widget-heading .elementor-heading-title.elementor-size-large{font-size:29px}.elementor-widget-heading .elementor-heading-title.elementor-size-xl{font-size:39px}.elementor-widget-heading .elementor-heading-title.elementor-size-xxl{font-size:59px}<\/style><h2 class=\"elementor-heading-title elementor-size-default\">Pol\u00edtica de cancelaci\u00f3n<\/h2>\t\t<\/div>\n\t\t\t\t<\/div>\n\t\t\t\t\t<\/div>\n\t\t<\/div>\n\t\t\t\t\t\t\t<\/div>\n\t\t<\/section>\n\t\t\t\t<section class=\"elementor-section elementor-top-section elementor-element elementor-element-74e72f91 elementor-section-boxed elementor-section-height-default elementor-section-height-default\" data-id=\"74e72f91\" data-element_type=\"section\">\n\t\t\t\t\t\t<div class=\"elementor-container elementor-column-gap-default\">\n\t\t\t\t\t<div class=\"elementor-column elementor-col-100 elementor-top-column elementor-element elementor-element-6238a5ca\" data-id=\"6238a5ca\" data-element_type=\"column\">\n\t\t\t<div class=\"elementor-widget-wrap elementor-element-populated\">\n\t\t\t\t\t\t\t\t<div class=\"elementor-element elementor-element-4588ccfd elementor-widget elementor-widget-text-editor\" data-id=\"4588ccfd\" data-element_type=\"widget\" data-widget_type=\"text-editor.default\">\n\t\t\t\t<div class=\"elementor-widget-container\">\n\t\t\t<style>\/*! elementor - v3.13.2 - 11-05-2023 *\/\n.elementor-widget-text-editor.elementor-drop-cap-view-stacked .elementor-drop-cap{background-color:#69727d;color:#fff}.elementor-widget-text-editor.elementor-drop-cap-view-framed .elementor-drop-cap{color:#69727d;border:3px solid;background-color:transparent}.elementor-widget-text-editor:not(.elementor-drop-cap-view-default) .elementor-drop-cap{margin-top:8px}.elementor-widget-text-editor:not(.elementor-drop-cap-view-default) .elementor-drop-cap-letter{width:1em;height:1em}.elementor-widget-text-editor .elementor-drop-cap{float:left;text-align:center;line-height:1;font-size:50px}.elementor-widget-text-editor .elementor-drop-cap-letter{display:inline-block}<\/style>\t\t\t\t<p>Se entiende por periodo de Pre-reserva el plazo que va desde la comunicaci\u00f3n escrita del CLIENTE a TURHAYEDO, S.L. en la que manifiesta su intenci\u00f3n de reservar el alojamiento en \u201cEl Mirador del Hayedo\u201d\u00a0 y las 24 horas posteriores a dicha comunicaci\u00f3n.<\/p><p>En dichas 24 horas, de estar de acuerdo ambas partes, quedar\u00e1 formalizado el Contrato de RESERVA entre las mismas y se abonar\u00e1 a favor de TURHAYEDO.S.L., por parte del CLIENTE, el DEP\u00d3SITO DE RESERVA correspondiente al 30% del importe total de la misma, el incumplimiento de cualquiera de estos dos puntos ( formalizaci\u00f3n del Contrato de Reserva y Dep\u00f3sito) conllevar\u00e1 la anulaci\u00f3n autom\u00e1tica de la Pre-reserva.<\/p><p>Una vez aceptada la pre-reserva por parte del cliente y el alojamiento, \u00e9sta quedar\u00e1 formalizada con la firma del Contrato de Reserva entre ambas partes y el pago del dep\u00f3sito correspondiente a la misma por parte del CLIENTE a favor de TURHEDO, S.L.<\/p><p>El importe del dep\u00f3sito ser\u00e1 del 30% del total de la reserva. El pago del resto del importe de la reserva se realizar\u00e1 a favor de Turhayedo, S.L. a lo m\u00e1s tardar 2 d\u00edas antes de la fecha de inicio de la estancia. Ambos pagos se realizar\u00e1n en el n\u00famero de cuenta de TURHAYEDO, S.L. indicado en el Contrato de Reserva<\/p><p>Al aceptar el cliente la reserva, realizando el dep\u00f3sito estipulado, est\u00e1 aceptando las presentes condiciones de reserva, cancelaci\u00f3n, anulaci\u00f3n y salida anticipada.<\/p><p>La cancelaci\u00f3n o anulaci\u00f3n de la reserva por parte del cliente antes del inicio de la estancia conllevar\u00e1 el retorno del dep\u00f3sito de acuerdo a los siguientes porcentajes:<\/p><ul><li>El 75% si se comunica con m\u00e1s de\u00a0<strong>30 d\u00edas <\/strong>de antelaci\u00f3n al inicio de la estancia.<\/li><li>El 50% si se comunica\u00a0<strong>entre 20 y 30 d\u00edas <\/strong>de antelaci\u00f3n al inicio de la estancia.<\/li><li>Si la cancelaci\u00f3n o anulaci\u00f3n se comunica con\u00a0<strong>menos de 20 d\u00edas <\/strong>conllevar\u00e1 la p\u00e9rdida total del importe de dep\u00f3sito.<\/li><\/ul><p>En caso de\u00a0cancelaci\u00f3n o anulaci\u00f3n parciales\u00a0el importe de devoluci\u00f3n del dep\u00f3sito se modificar\u00e1 de acuerdo al n\u00famero de d\u00edas cancelados respecto al total de d\u00edas reservados.<\/p><p>En el supuesto de\u00a0salida anticipada, \u00e9sta no conllevar\u00e1 retorno alguno del dep\u00f3sito constituido ni de la cantidad de reserva abonada.<\/p>\t\t\t\t\t\t<\/div>\n\t\t\t\t<\/div>\n\t\t\t\t\t<\/div>\n\t\t<\/div>\n\t\t\t\t\t\t\t<\/div>\n\t\t<\/section>\n\t\t\t\t<section class=\"elementor-section elementor-top-section elementor-element elementor-element-4234ec81 elementor-section-boxed elementor-section-height-default elementor-section-height-default\" data-id=\"4234ec81\" data-element_type=\"section\">\n\t\t\t\t\t\t<div class=\"elementor-container elementor-column-gap-default\">\n\t\t\t\t\t<div class=\"elementor-column elementor-col-33 elementor-top-column elementor-element elementor-element-36e8e490\" data-id=\"36e8e490\" data-element_type=\"column\">\n\t\t\t<div class=\"elementor-widget-wrap\">\n\t\t\t\t\t\t\t\t\t<\/div>\n\t\t<\/div>\n\t\t\t\t<div class=\"elementor-column elementor-col-33 elementor-top-column elementor-element elementor-element-68c02a5\" data-id=\"68c02a5\" data-element_type=\"column\">\n\t\t\t<div class=\"elementor-widget-wrap elementor-element-populated\">\n\t\t\t\t\t\t\t\t<div class=\"elementor-element elementor-element-4eb21e32 elementor-button-info elementor-widget elementor-widget-button\" data-id=\"4eb21e32\" data-element_type=\"widget\" data-widget_type=\"button.default\">\n\t\t\t\t<div class=\"elementor-widget-container\">\n\t\t\t\t\t<div class=\"elementor-button-wrapper\">\n\t\t\t<a href=\"tel:699181170\" class=\"elementor-button-link elementor-button elementor-size-sm\" role=\"button\">\n\t\t\t\t\t\t<span class=\"elementor-button-content-wrapper\">\n\t\t\t\t\t\t\t<span class=\"elementor-button-icon elementor-align-icon-left\">\n\t\t\t\t<i aria-hidden=\"true\" class=\"fas fa-phone-alt\"><\/i>\t\t\t<\/span>\n\t\t\t\t\t\t<span class=\"elementor-button-text\">Tel\u00e9fono: 699 181 170<\/span>\n\t\t<\/span>\n\t\t\t\t\t<\/a>\n\t\t<\/div>\n\t\t\t\t<\/div>\n\t\t\t\t<\/div>\n\t\t\t\t\t<\/div>\n\t\t<\/div>\n\t\t\t\t<div class=\"elementor-column elementor-col-33 elementor-top-column elementor-element elementor-element-41b56267\" data-id=\"41b56267\" data-element_type=\"column\">\n\t\t\t<div class=\"elementor-widget-wrap\">\n\t\t\t\t\t\t\t\t\t<\/div>\n\t\t<\/div>\n\t\t\t\t\t\t\t<\/div>\n\t\t<\/section>\n\t\t\t\t<section class=\"elementor-section elementor-top-section elementor-element elementor-element-163ff227 elementor-section-boxed elementor-section-height-default elementor-section-height-default\" data-id=\"163ff227\" data-element_type=\"section\">\n\t\t\t\t\t\t<div class=\"elementor-container elementor-column-gap-default\">\n\t\t\t\t\t<div class=\"elementor-column elementor-col-33 elementor-top-column elementor-element elementor-element-1e42253d\" data-id=\"1e42253d\" data-element_type=\"column\">\n\t\t\t<div class=\"elementor-widget-wrap\">\n\t\t\t\t\t\t\t\t\t<\/div>\n\t\t<\/div>\n\t\t\t\t<div class=\"elementor-column elementor-col-33 elementor-top-column elementor-element elementor-element-42c2a94b\" data-id=\"42c2a94b\" data-element_type=\"column\">\n\t\t\t<div class=\"elementor-widget-wrap elementor-element-populated\">\n\t\t\t\t\t\t\t\t<div class=\"elementor-element elementor-element-1c6a335a elementor-button-info elementor-widget elementor-widget-button\" data-id=\"1c6a335a\" data-element_type=\"widget\" data-widget_type=\"button.default\">\n\t\t\t\t<div class=\"elementor-widget-container\">\n\t\t\t\t\t<div class=\"elementor-button-wrapper\">\n\t\t\t<a href=\"mailto:reservas@elmiradordelhayedo.com\" class=\"elementor-button-link elementor-button elementor-size-sm\" role=\"button\">\n\t\t\t\t\t\t<span class=\"elementor-button-content-wrapper\">\n\t\t\t\t\t\t\t<span class=\"elementor-button-icon elementor-align-icon-left\">\n\t\t\t\t<i aria-hidden=\"true\" class=\"fas fa-mail-bulk\"><\/i>\t\t\t<\/span>\n\t\t\t\t\t\t<span class=\"elementor-button-text\">Email: reservas@elmiradordelhayedo.com<\/span>\n\t\t<\/span>\n\t\t\t\t\t<\/a>\n\t\t<\/div>\n\t\t\t\t<\/div>\n\t\t\t\t<\/div>\n\t\t\t\t\t<\/div>\n\t\t<\/div>\n\t\t\t\t<div class=\"elementor-column elementor-col-33 elementor-top-column elementor-element elementor-element-6d0f8c59\" data-id=\"6d0f8c59\" data-element_type=\"column\">\n\t\t\t<div class=\"elementor-widget-wrap\">\n\t\t\t\t\t\t\t\t\t<\/div>\n\t\t<\/div>\n\t\t\t\t\t\t\t<\/div>\n\t\t<\/section>\n\t\t\t\t\t\t\t<\/div>\n\t\t","protected":false},"excerpt":{"rendered":"<p>Pol\u00edtica de cancelaci\u00f3n Se entiende por periodo de Pre-reserva el plazo que va desde la comunicaci\u00f3n escrita del CLIENTE a TURHAYEDO, S.L. en la que manifiesta su intenci\u00f3n de reservar el alojamiento en \u201cEl Mirador del Hayedo\u201d\u00a0 y las 24 horas posteriores a dicha comunicaci\u00f3n. En dichas 24 horas, de estar de acuerdo ambas partes, [&hellip;]<\/p>\n","protected":false},"author":1,"featured_media":0,"parent":0,"menu_order":0,"comment_status":"closed","ping_status":"closed","template":"","meta":{"footnotes":""},"class_list":["post-1211","page","type-page","status-publish","hentry"],"yoast_head":"<!-- This site is optimized with the Yoast SEO plugin v22.5 - https:\/\/yoast.com\/wordpress\/plugins\/seo\/ -->\n<title>Pol\u00edtica de cancelaci\u00f3n - El Mirador del Hayedo - Casa Rural<\/title>\n<meta name=\"robots\" content=\"index, follow, max-snippet:-1, max-image-preview:large, max-video-preview:-1\" \/>\n<link rel=\"canonical\" href=\"https:\/\/www.elmiradordelhayedo.com\/inicio\/politica-de-cancelacion\/\" \/>\n<meta property=\"og:locale\" content=\"es_ES\" \/>\n<meta property=\"og:type\" content=\"article\" \/>\n<meta property=\"og:title\" content=\"Pol\u00edtica de cancelaci\u00f3n - El Mirador del Hayedo - Casa Rural\" \/>\n<meta property=\"og:description\" content=\"Pol\u00edtica de cancelaci\u00f3n Se entiende por periodo de Pre-reserva el plazo que va desde la comunicaci\u00f3n escrita del CLIENTE a TURHAYEDO, S.L. en la que manifiesta su intenci\u00f3n de reservar el alojamiento en \u201cEl Mirador del Hayedo\u201d\u00a0 y las 24 horas posteriores a dicha comunicaci\u00f3n. En dichas 24 horas, de estar de acuerdo ambas partes, [&hellip;]\" \/>\n<meta property=\"og:url\" content=\"https:\/\/www.elmiradordelhayedo.com\/inicio\/politica-de-cancelacion\/\" \/>\n<meta property=\"og:site_name\" content=\"El Mirador del Hayedo - Casa Rural\" \/>\n<meta property=\"article:modified_time\" content=\"2023-05-13T16:07:03+00:00\" \/>\n<meta property=\"og:image\" content=\"https:\/\/www.elmiradordelhayedo.com\/inicio\/wp-content\/uploads\/2023\/02\/casa_rural_el_mirador_del_hayedo_83.jpg\" \/>\n\t<meta property=\"og:image:width\" content=\"1920\" \/>\n\t<meta property=\"og:image:height\" content=\"1279\" \/>\n\t<meta property=\"og:image:type\" content=\"image\/jpeg\" \/>\n<meta name=\"twitter:card\" content=\"summary_large_image\" \/>\n<meta name=\"twitter:label1\" content=\"Tiempo de lectura\" \/>\n\t<meta name=\"twitter:data1\" content=\"2 minutos\" \/>\n<script type=\"application\/ld+json\" class=\"yoast-schema-graph\">{\"@context\":\"https:\/\/schema.org\",\"@graph\":[{\"@type\":\"WebPage\",\"@id\":\"https:\/\/www.elmiradordelhayedo.com\/inicio\/politica-de-cancelacion\/\",\"url\":\"https:\/\/www.elmiradordelhayedo.com\/inicio\/politica-de-cancelacion\/\",\"name\":\"Pol\u00edtica de cancelaci\u00f3n - El Mirador del Hayedo - Casa Rural\",\"isPartOf\":{\"@id\":\"https:\/\/www.elmiradordelhayedo.com\/inicio\/#website\"},\"datePublished\":\"2022-09-17T08:36:05+00:00\",\"dateModified\":\"2023-05-13T16:07:03+00:00\",\"breadcrumb\":{\"@id\":\"https:\/\/www.elmiradordelhayedo.com\/inicio\/politica-de-cancelacion\/#breadcrumb\"},\"inLanguage\":\"es\",\"potentialAction\":[{\"@type\":\"ReadAction\",\"target\":[\"https:\/\/www.elmiradordelhayedo.com\/inicio\/politica-de-cancelacion\/\"]}]},{\"@type\":\"BreadcrumbList\",\"@id\":\"https:\/\/www.elmiradordelhayedo.com\/inicio\/politica-de-cancelacion\/#breadcrumb\",\"itemListElement\":[{\"@type\":\"ListItem\",\"position\":1,\"name\":\"Portada\",\"item\":\"https:\/\/www.elmiradordelhayedo.com\/inicio\/\"},{\"@type\":\"ListItem\",\"position\":2,\"name\":\"Pol\u00edtica de cancelaci\u00f3n\"}]},{\"@type\":\"WebSite\",\"@id\":\"https:\/\/www.elmiradordelhayedo.com\/inicio\/#website\",\"url\":\"https:\/\/www.elmiradordelhayedo.com\/inicio\/\",\"name\":\"El Mirador del Hayedo\",\"description\":\"Casa Rural para familias y grupos de amigos en Riofr\u00edo de Riaza, cerca de la Pinilla y La Pedrosa - 699 181 170\",\"publisher\":{\"@id\":\"https:\/\/www.elmiradordelhayedo.com\/inicio\/#organization\"},\"alternateName\":\"Casa rural Riaza\",\"potentialAction\":[{\"@type\":\"SearchAction\",\"target\":{\"@type\":\"EntryPoint\",\"urlTemplate\":\"https:\/\/www.elmiradordelhayedo.com\/inicio\/?s={search_term_string}\"},\"query-input\":\"required name=search_term_string\"}],\"inLanguage\":\"es\"},{\"@type\":\"Organization\",\"@id\":\"https:\/\/www.elmiradordelhayedo.com\/inicio\/#organization\",\"name\":\"El Mirador del Hayedo\",\"url\":\"https:\/\/www.elmiradordelhayedo.com\/inicio\/\",\"logo\":{\"@type\":\"ImageObject\",\"inLanguage\":\"es\",\"@id\":\"https:\/\/www.elmiradordelhayedo.com\/inicio\/#\/schema\/logo\/image\/\",\"url\":\"https:\/\/www.elmiradordelhayedo.com\/inicio\/wp-content\/uploads\/2022\/05\/logo_elmiradordelhayedo_alojamiento_rural_telefono.png\",\"contentUrl\":\"https:\/\/www.elmiradordelhayedo.com\/inicio\/wp-content\/uploads\/2022\/05\/logo_elmiradordelhayedo_alojamiento_rural_telefono.png\",\"width\":726,\"height\":146,\"caption\":\"El Mirador del Hayedo\"},\"image\":{\"@id\":\"https:\/\/www.elmiradordelhayedo.com\/inicio\/#\/schema\/logo\/image\/\"},\"sameAs\":[\"https:\/\/www.instagram.com\/elmiradordelhayedo\/\"]}]}<\/script>\n<!-- \/ Yoast SEO plugin. -->","yoast_head_json":{"title":"Pol\u00edtica de cancelaci\u00f3n - El Mirador del Hayedo - Casa Rural","robots":{"index":"index","follow":"follow","max-snippet":"max-snippet:-1","max-image-preview":"max-image-preview:large","max-video-preview":"max-video-preview:-1"},"canonical":"https:\/\/www.elmiradordelhayedo.com\/inicio\/politica-de-cancelacion\/","og_locale":"es_ES","og_type":"article","og_title":"Pol\u00edtica de cancelaci\u00f3n - El Mirador del Hayedo - Casa Rural","og_description":"Pol\u00edtica de cancelaci\u00f3n Se entiende por periodo de Pre-reserva el plazo que va desde la comunicaci\u00f3n escrita del CLIENTE a TURHAYEDO, S.L. en la que manifiesta su intenci\u00f3n de reservar el alojamiento en \u201cEl Mirador del Hayedo\u201d\u00a0 y las 24 horas posteriores a dicha comunicaci\u00f3n. En dichas 24 horas, de estar de acuerdo ambas partes, [&hellip;]","og_url":"https:\/\/www.elmiradordelhayedo.com\/inicio\/politica-de-cancelacion\/","og_site_name":"El Mirador del Hayedo - Casa Rural","article_modified_time":"2023-05-13T16:07:03+00:00","og_image":[{"width":1920,"height":1279,"url":"https:\/\/www.elmiradordelhayedo.com\/inicio\/wp-content\/uploads\/2023\/02\/casa_rural_el_mirador_del_hayedo_83.jpg","type":"image\/jpeg"}],"twitter_card":"summary_large_image","twitter_misc":{"Tiempo de lectura":"2 minutos"},"schema":{"@context":"https:\/\/schema.org","@graph":[{"@type":"WebPage","@id":"https:\/\/www.elmiradordelhayedo.com\/inicio\/politica-de-cancelacion\/","url":"https:\/\/www.elmiradordelhayedo.com\/inicio\/politica-de-cancelacion\/","name":"Pol\u00edtica de cancelaci\u00f3n - El Mirador del Hayedo - Casa Rural","isPartOf":{"@id":"https:\/\/www.elmiradordelhayedo.com\/inicio\/#website"},"datePublished":"2022-09-17T08:36:05+00:00","dateModified":"2023-05-13T16:07:03+00:00","breadcrumb":{"@id":"https:\/\/www.elmiradordelhayedo.com\/inicio\/politica-de-cancelacion\/#breadcrumb"},"inLanguage":"es","potentialAction":[{"@type":"ReadAction","target":["https:\/\/www.elmiradordelhayedo.com\/inicio\/politica-de-cancelacion\/"]}]},{"@type":"BreadcrumbList","@id":"https:\/\/www.elmiradordelhayedo.com\/inicio\/politica-de-cancelacion\/#breadcrumb","itemListElement":[{"@type":"ListItem","position":1,"name":"Portada","item":"https:\/\/www.elmiradordelhayedo.com\/inicio\/"},{"@type":"ListItem","position":2,"name":"Pol\u00edtica de cancelaci\u00f3n"}]},{"@type":"WebSite","@id":"https:\/\/www.elmiradordelhayedo.com\/inicio\/#website","url":"https:\/\/www.elmiradordelhayedo.com\/inicio\/","name":"El Mirador del Hayedo","description":"Casa Rural para familias y grupos de amigos en Riofr\u00edo de Riaza, cerca de la Pinilla y La Pedrosa - 699 181 170","publisher":{"@id":"https:\/\/www.elmiradordelhayedo.com\/inicio\/#organization"},"alternateName":"Casa rural Riaza","potentialAction":[{"@type":"SearchAction","target":{"@type":"EntryPoint","urlTemplate":"https:\/\/www.elmiradordelhayedo.com\/inicio\/?s={search_term_string}"},"query-input":"required name=search_term_string"}],"inLanguage":"es"},{"@type":"Organization","@id":"https:\/\/www.elmiradordelhayedo.com\/inicio\/#organization","name":"El Mirador del Hayedo","url":"https:\/\/www.elmiradordelhayedo.com\/inicio\/","logo":{"@type":"ImageObject","inLanguage":"es","@id":"https:\/\/www.elmiradordelhayedo.com\/inicio\/#\/schema\/logo\/image\/","url":"https:\/\/www.elmiradordelhayedo.com\/inicio\/wp-content\/uploads\/2022\/05\/logo_elmiradordelhayedo_alojamiento_rural_telefono.png","contentUrl":"https:\/\/www.elmiradordelhayedo.com\/inicio\/wp-content\/uploads\/2022\/05\/logo_elmiradordelhayedo_alojamiento_rural_telefono.png","width":726,"height":146,"caption":"El Mirador del Hayedo"},"image":{"@id":"https:\/\/www.elmiradordelhayedo.com\/inicio\/#\/schema\/logo\/image\/"},"sameAs":["https:\/\/www.instagram.com\/elmiradordelhayedo\/"]}]}},"_links":{"self":[{"href":"https:\/\/www.elmiradordelhayedo.com\/inicio\/wp-json\/wp\/v2\/pages\/1211","targetHints":{"allow":["GET"]}}],"collection":[{"href":"https:\/\/www.elmiradordelhayedo.com\/inicio\/wp-json\/wp\/v2\/pages"}],"about":[{"href":"https:\/\/www.elmiradordelhayedo.com\/inicio\/wp-json\/wp\/v2\/types\/page"}],"author":[{"embeddable":true,"href":"https:\/\/www.elmiradordelhayedo.com\/inicio\/wp-json\/wp\/v2\/users\/1"}],"replies":[{"embeddable":true,"href":"https:\/\/www.elmiradordelhayedo.com\/inicio\/wp-json\/wp\/v2\/comments?post=1211"}],"version-history":[{"count":10,"href":"https:\/\/www.elmiradordelhayedo.com\/inicio\/wp-json\/wp\/v2\/pages\/1211\/revisions"}],"predecessor-version":[{"id":1556,"href":"https:\/\/www.elmiradordelhayedo.com\/inicio\/wp-json\/wp\/v2\/pages\/1211\/revisions\/1556"}],"wp:attachment":[{"href":"https:\/\/www.elmiradordelhayedo.com\/inicio\/wp-json\/wp\/v2\/media?parent=1211"}],"curies":[{"name":"wp","href":"https:\/\/api.w.org\/{rel}","templated":true}]}}