{"id":1107,"date":"2022-09-04T08:19:42","date_gmt":"2022-09-04T08:19:42","guid":{"rendered":"https:\/\/www.elmiradordelhayedo.com\/inicio\/?page_id=1107"},"modified":"2022-09-17T07:47:37","modified_gmt":"2022-09-17T07:47:37","slug":"que-hacer","status":"publish","type":"page","link":"https:\/\/www.elmiradordelhayedo.com\/inicio\/que-hacer\/","title":{"rendered":"Qu\u00e9 hacer"},"content":{"rendered":"\t\t<div data-elementor-type=\"wp-page\" data-elementor-id=\"1107\" class=\"elementor elementor-1107\">\n\t\t\t\t\t\t\t\t\t<section class=\"elementor-section elementor-top-section elementor-element elementor-element-4d637aae elementor-section-boxed elementor-section-height-default elementor-section-height-default\" data-id=\"4d637aae\" data-element_type=\"section\">\n\t\t\t\t\t\t<div class=\"elementor-container elementor-column-gap-default\">\n\t\t\t\t\t<div class=\"elementor-column elementor-col-100 elementor-top-column elementor-element elementor-element-3d07ded6\" data-id=\"3d07ded6\" data-element_type=\"column\">\n\t\t\t<div class=\"elementor-widget-wrap elementor-element-populated\">\n\t\t\t\t\t\t\t\t<div class=\"elementor-element elementor-element-2c72aa31 elementor-widget elementor-widget-heading\" data-id=\"2c72aa31\" data-element_type=\"widget\" data-widget_type=\"heading.default\">\n\t\t\t\t<div class=\"elementor-widget-container\">\n\t\t\t<style>\/*! elementor - v3.13.2 - 11-05-2023 *\/\n.elementor-heading-title{padding:0;margin:0;line-height:1}.elementor-widget-heading .elementor-heading-title[class*=elementor-size-]>a{color:inherit;font-size:inherit;line-height:inherit}.elementor-widget-heading .elementor-heading-title.elementor-size-small{font-size:15px}.elementor-widget-heading .elementor-heading-title.elementor-size-medium{font-size:19px}.elementor-widget-heading .elementor-heading-title.elementor-size-large{font-size:29px}.elementor-widget-heading .elementor-heading-title.elementor-size-xl{font-size:39px}.elementor-widget-heading .elementor-heading-title.elementor-size-xxl{font-size:59px}<\/style><h1 class=\"elementor-heading-title elementor-size-default\">\u00bfQu\u00e9 hacer?<\/h1>\t\t<\/div>\n\t\t\t\t<\/div>\n\t\t\t\t\t<\/div>\n\t\t<\/div>\n\t\t\t\t\t\t\t<\/div>\n\t\t<\/section>\n\t\t\t\t<section class=\"elementor-section elementor-top-section elementor-element elementor-element-5a64256e elementor-section-boxed elementor-section-height-default elementor-section-height-default\" data-id=\"5a64256e\" data-element_type=\"section\">\n\t\t\t\t\t\t<div class=\"elementor-container elementor-column-gap-default\">\n\t\t\t\t\t<div class=\"elementor-column elementor-col-100 elementor-top-column elementor-element elementor-element-19cba777\" data-id=\"19cba777\" data-element_type=\"column\">\n\t\t\t<div class=\"elementor-widget-wrap elementor-element-populated\">\n\t\t\t\t\t\t\t\t<div class=\"elementor-element elementor-element-7dc707b7 elementor-headline--style-highlight elementor-widget elementor-widget-animated-headline\" data-id=\"7dc707b7\" data-element_type=\"widget\" data-settings=\"{&quot;highlighted_text&quot;:&quot;Riofr\\u00edo de Riaza&quot;,&quot;headline_style&quot;:&quot;highlight&quot;,&quot;marker&quot;:&quot;circle&quot;,&quot;highlight_animation_duration&quot;:1200}\" data-widget_type=\"animated-headline.default\">\n\t\t\t\t<div class=\"elementor-widget-container\">\n\t\t\t<link rel=\"stylesheet\" href=\"https:\/\/www.elmiradordelhayedo.com\/inicio\/wp-content\/plugins\/elementor-pro\/assets\/css\/widget-animated-headline.min.css\">\t\t<p class=\"elementor-headline\">\n\t\t\t\t\t<span class=\"elementor-headline-plain-text elementor-headline-text-wrapper\">Nos encontramos en la Sierra de Ayll\u00f3n, en <\/span>\n\t\t\t\t<span class=\"elementor-headline-dynamic-wrapper elementor-headline-text-wrapper\">\n\t\t\t\t\t<span class=\"elementor-headline-dynamic-text elementor-headline-text-active\">Riofr\u00edo de Riaza<\/span>\n\t\t\t\t<\/span>\n\t\t\t\t\t<span class=\"elementor-headline-plain-text elementor-headline-text-wrapper\">, el pueblo m\u00e1s alto de la provincia de Segovia (1312m). Un paraje espectacular que nos ofrece un abanico enorme de sitios a visitar y diferentes formas de llegar a ellos, en coche, practicando senderismo, a caballo, en bicicleta de monta\u00f1a\u2026<\/span>\n\t\t\t\t\t<\/p>\n\t\t\t\t<\/div>\n\t\t\t\t<\/div>\n\t\t\t\t\t<\/div>\n\t\t<\/div>\n\t\t\t\t\t\t\t<\/div>\n\t\t<\/section>\n\t\t\t\t<section class=\"elementor-section elementor-top-section elementor-element elementor-element-123c86c2 elementor-section-boxed elementor-section-height-default elementor-section-height-default\" data-id=\"123c86c2\" data-element_type=\"section\">\n\t\t\t\t\t\t<div class=\"elementor-container elementor-column-gap-default\">\n\t\t\t\t\t<div class=\"elementor-column elementor-col-100 elementor-top-column elementor-element elementor-element-197e5e97\" data-id=\"197e5e97\" data-element_type=\"column\">\n\t\t\t<div class=\"elementor-widget-wrap elementor-element-populated\">\n\t\t\t\t\t\t\t\t<div class=\"elementor-element elementor-element-5d2b0ee7 elementor-widget elementor-widget-google_maps\" data-id=\"5d2b0ee7\" data-element_type=\"widget\" data-widget_type=\"google_maps.default\">\n\t\t\t\t<div class=\"elementor-widget-container\">\n\t\t\t<style>\/*! elementor - v3.13.2 - 11-05-2023 *\/\n.elementor-widget-google_maps .elementor-widget-container{overflow:hidden}.elementor-widget-google_maps .elementor-custom-embed{line-height:0}.elementor-widget-google_maps iframe{height:300px}<\/style>\t\t<div class=\"elementor-custom-embed\">\n\t\t\t<iframe loading=\"lazy\"\n\t\t\t\t\tsrc=\"https:\/\/maps.google.com\/maps?q=Riofrio%20de%20Riaza%2C%20Segovia&#038;t=m&#038;z=12&#038;output=embed&#038;iwloc=near\"\n\t\t\t\t\ttitle=\"Riofrio de Riaza, Segovia\"\n\t\t\t\t\taria-label=\"Riofrio de Riaza, Segovia\"\n\t\t\t><\/iframe>\n\t\t<\/div>\n\t\t\t\t<\/div>\n\t\t\t\t<\/div>\n\t\t\t\t\t<\/div>\n\t\t<\/div>\n\t\t\t\t\t\t\t<\/div>\n\t\t<\/section>\n\t\t\t\t<section class=\"elementor-section elementor-top-section elementor-element elementor-element-a0748a5 elementor-section-boxed elementor-section-height-default elementor-section-height-default\" data-id=\"a0748a5\" data-element_type=\"section\">\n\t\t\t\t\t\t<div class=\"elementor-container elementor-column-gap-default\">\n\t\t\t\t\t<div class=\"elementor-column elementor-col-100 elementor-top-column elementor-element elementor-element-4c349c75\" data-id=\"4c349c75\" data-element_type=\"column\">\n\t\t\t<div class=\"elementor-widget-wrap elementor-element-populated\">\n\t\t\t\t\t\t\t\t<section class=\"elementor-section elementor-inner-section elementor-element elementor-element-4437d2c3 elementor-section-boxed elementor-section-height-default elementor-section-height-default\" data-id=\"4437d2c3\" data-element_type=\"section\">\n\t\t\t\t\t\t<div class=\"elementor-container elementor-column-gap-default\">\n\t\t\t\t\t<div class=\"elementor-column elementor-col-50 elementor-inner-column elementor-element elementor-element-4beb0047\" data-id=\"4beb0047\" data-element_type=\"column\">\n\t\t\t<div class=\"elementor-widget-wrap elementor-element-populated\">\n\t\t\t\t\t\t\t\t<div class=\"elementor-element elementor-element-641e8d46 elementor-widget elementor-widget-text-editor\" data-id=\"641e8d46\" data-element_type=\"widget\" data-widget_type=\"text-editor.default\">\n\t\t\t\t<div class=\"elementor-widget-container\">\n\t\t\t<style>\/*! elementor - v3.13.2 - 11-05-2023 *\/\n.elementor-widget-text-editor.elementor-drop-cap-view-stacked .elementor-drop-cap{background-color:#69727d;color:#fff}.elementor-widget-text-editor.elementor-drop-cap-view-framed .elementor-drop-cap{color:#69727d;border:3px solid;background-color:transparent}.elementor-widget-text-editor:not(.elementor-drop-cap-view-default) .elementor-drop-cap{margin-top:8px}.elementor-widget-text-editor:not(.elementor-drop-cap-view-default) .elementor-drop-cap-letter{width:1em;height:1em}.elementor-widget-text-editor .elementor-drop-cap{float:left;text-align:center;line-height:1;font-size:50px}.elementor-widget-text-editor .elementor-drop-cap-letter{display:inline-block}<\/style>\t\t\t\t<p>En nuestro entorno se pueden realizar m\u00faltiples rutas de\u00a0<strong>senderismo<\/strong>\u00a0de diversa dificultad y duraci\u00f3n. A tan solo 10km podemos disfrutar del<strong>\u00a0<a href=\"https:\/\/goo.gl\/maps\/5SG9cVH2UZ73jrkz6\">Hayedo de La Pedrosa<\/a><\/strong>, a medio camino en la\u00a0subida al\u00a0<a href=\"https:\/\/goo.gl\/maps\/MXNfcHKhKnGTJREi8\"><strong>puerto de<\/strong>\u00a0<strong>La Quesera<\/strong><\/a>, pasando tambi\u00e9n en su b\u00fasqueda por el\u00a0<a href=\"https:\/\/goo.gl\/maps\/DQZN7BAuDLsoEJM97\"><strong>Embalse de Riofr\u00edo<\/strong><\/a>. Desde el\u00a0<strong>puerto de La Quesera<\/strong>\u00a0podemos iniciar caminos que nos llevar\u00e1n a picos como el<strong>\u00a0<a href=\"https:\/\/goo.gl\/maps\/NkbbQFUJpE99p9pb8\">Pico del Lobo<\/a><\/strong>, <strong>el <a href=\"https:\/\/goo.gl\/maps\/UqSVMZX6DDnYte2y7\">Alto del\u00a0Parrej\u00f3n<\/a><\/strong>,\u00a0<a href=\"https:\/\/goo.gl\/maps\/CCq71jXkmnaRzyCy8\"><strong>La Buitrera<\/strong><\/a>, etc. Si recorremos los altos de la cuerda se abrir\u00e1n a nuestros paso barrancos y cerros hasta el cauce del\u00a0<strong>r\u00edo Riaza<\/strong>, que tiene su nacimiento en el\u00a0<strong>Hayedo de La Pedrosa<\/strong>. Rutas m\u00e1s sencillas, que recorren parte de la dehesa de\u00a0<strong>Riofr\u00edo<\/strong>, nos pueden llevar a visitar con toda la familia la villa de\u00a0<strong>Riaza<\/strong>, la\u00a0<a href=\"https:\/\/goo.gl\/maps\/DmhhXNJE3RoVtMzV7\"><strong>Ermita de Hontanares<\/strong><\/a>,\u00a0<a href=\"https:\/\/goo.gl\/maps\/1DttZ77XjVukb9H89\"><strong>Los Molinos<\/strong><\/a>, etc.<\/p>\t\t\t\t\t\t<\/div>\n\t\t\t\t<\/div>\n\t\t\t\t\t<\/div>\n\t\t<\/div>\n\t\t\t\t<div class=\"elementor-column elementor-col-50 elementor-inner-column elementor-element elementor-element-3e2af195\" data-id=\"3e2af195\" data-element_type=\"column\">\n\t\t\t<div class=\"elementor-widget-wrap elementor-element-populated\">\n\t\t\t\t\t\t\t\t<div class=\"elementor-element elementor-element-78ed79dc elementor-widget elementor-widget-text-editor\" data-id=\"78ed79dc\" data-element_type=\"widget\" data-widget_type=\"text-editor.default\">\n\t\t\t\t<div class=\"elementor-widget-container\">\n\t\t\t\t\t\t\t<p>Estas rutas tambi\u00e9n son aprovechadas para la organizaci\u00f3n de eventos deportivos como el Triatl\u00f3n de Riaza, Riaza Trail Challenge, etc.<\/p><p>Se hace imprescindible visitar los\u00a0<a href=\"https:\/\/goo.gl\/maps\/d6qn76EiPkpNG4wp7\"><strong>Parques naturales de las Hoces del r\u00edo Durat\u00f3n<\/strong><\/a>\u00a0(entre\u00a0<strong>Sep\u00falveda<\/strong>\u00a0y la presa de\u00a0<strong>Burgomillodo<\/strong>) y\u00a0<strong>las Hoces del r\u00edo Riaza<\/strong>\u00a0(entre\u00a0<strong>Maderuelo<\/strong>\u00a0y\u00a0<strong>Montejo de la Vega de la Serrezuela<\/strong>). En sus espectaculares ca\u00f1ones excavados en la roca caliza anidan colonias de\u00a0<strong>Buitres Leonados<\/strong>, de las m\u00e1s grandes de Europa. Las Hoces se pueden recorrer a pie por las\u00a0<strong>sendas<\/strong>\u00a0habilitadas o en\u00a0<strong>piragua<\/strong>\u00a0por el cauce de los r\u00edos.<\/p>\t\t\t\t\t\t<\/div>\n\t\t\t\t<\/div>\n\t\t\t\t\t<\/div>\n\t\t<\/div>\n\t\t\t\t\t\t\t<\/div>\n\t\t<\/section>\n\t\t\t\t\t<\/div>\n\t\t<\/div>\n\t\t\t\t\t\t\t<\/div>\n\t\t<\/section>\n\t\t\t\t<section class=\"elementor-section elementor-top-section elementor-element elementor-element-71163d91 elementor-section-boxed elementor-section-height-default elementor-section-height-default\" data-id=\"71163d91\" data-element_type=\"section\">\n\t\t\t\t\t\t<div class=\"elementor-container elementor-column-gap-default\">\n\t\t\t\t\t<div class=\"elementor-column elementor-col-25 elementor-top-column elementor-element elementor-element-55590588\" data-id=\"55590588\" data-element_type=\"column\">\n\t\t\t<div class=\"elementor-widget-wrap\">\n\t\t\t\t\t\t\t\t\t<\/div>\n\t\t<\/div>\n\t\t\t\t<div class=\"elementor-column elementor-col-50 elementor-top-column elementor-element elementor-element-5c21da7c\" data-id=\"5c21da7c\" data-element_type=\"column\">\n\t\t\t<div class=\"elementor-widget-wrap elementor-element-populated\">\n\t\t\t\t\t\t\t\t<div class=\"elementor-element elementor-element-2cc0f8d7 elementor-widget elementor-widget-theme-post-featured-image elementor-widget-image\" data-id=\"2cc0f8d7\" data-element_type=\"widget\" data-widget_type=\"theme-post-featured-image.default\">\n\t\t\t\t<div class=\"elementor-widget-container\">\n\t\t\t<style>\/*! elementor - v3.13.2 - 11-05-2023 *\/\n.elementor-widget-image{text-align:center}.elementor-widget-image a{display:inline-block}.elementor-widget-image a img[src$=\".svg\"]{width:48px}.elementor-widget-image img{vertical-align:middle;display:inline-block}<\/style>\t\t\t\t\t\t\t\t\t<figure class=\"wp-caption\">\n\t\t\t\t\t\t\t\t\t\t<img loading=\"lazy\" decoding=\"async\" width=\"800\" height=\"534\" src=\"https:\/\/www.elmiradordelhayedo.com\/inicio\/wp-content\/uploads\/2022\/07\/Hoces_del_duraton.jpg\" class=\"attachment-large size-large wp-image-1054\" alt=\"\" srcset=\"https:\/\/www.elmiradordelhayedo.com\/inicio\/wp-content\/uploads\/2022\/07\/Hoces_del_duraton.jpg 800w, https:\/\/www.elmiradordelhayedo.com\/inicio\/wp-content\/uploads\/2022\/07\/Hoces_del_duraton-300x200.jpg 300w, https:\/\/www.elmiradordelhayedo.com\/inicio\/wp-content\/uploads\/2022\/07\/Hoces_del_duraton-768x513.jpg 768w\" sizes=\"auto, (max-width: 800px) 100vw, 800px\" \/>\t\t\t\t\t\t\t\t\t\t\t<figcaption class=\"widget-image-caption wp-caption-text\">Parque natural de Las Hoces del Durat\u00f3n. <br>Fotograf\u00eda con licencia gratuita de <a href=\"https:\/\/sp.depositphotos.com\/stock-photos\/holidays-events.html\"> - sp.depositphotos.com<\/a><\/figcaption>\n\t\t\t\t\t\t\t\t\t\t<\/figure>\n\t\t\t\t\t\t\t\t\t<\/div>\n\t\t\t\t<\/div>\n\t\t\t\t\t<\/div>\n\t\t<\/div>\n\t\t\t\t<div class=\"elementor-column elementor-col-25 elementor-top-column elementor-element elementor-element-21177470\" data-id=\"21177470\" data-element_type=\"column\">\n\t\t\t<div class=\"elementor-widget-wrap\">\n\t\t\t\t\t\t\t\t\t<\/div>\n\t\t<\/div>\n\t\t\t\t\t\t\t<\/div>\n\t\t<\/section>\n\t\t\t\t<section class=\"elementor-section elementor-top-section elementor-element elementor-element-1a2d319 elementor-section-boxed elementor-section-height-default elementor-section-height-default\" data-id=\"1a2d319\" data-element_type=\"section\">\n\t\t\t\t\t\t<div class=\"elementor-container elementor-column-gap-default\">\n\t\t\t\t\t<div class=\"elementor-column elementor-col-100 elementor-top-column elementor-element elementor-element-3ec13de3\" data-id=\"3ec13de3\" data-element_type=\"column\">\n\t\t\t<div class=\"elementor-widget-wrap elementor-element-populated\">\n\t\t\t\t\t\t\t\t<section class=\"elementor-section elementor-inner-section elementor-element elementor-element-11cc71fb elementor-section-boxed elementor-section-height-default elementor-section-height-default\" data-id=\"11cc71fb\" data-element_type=\"section\">\n\t\t\t\t\t\t<div class=\"elementor-container elementor-column-gap-default\">\n\t\t\t\t\t<div class=\"elementor-column elementor-col-50 elementor-inner-column elementor-element elementor-element-7e4aedf7\" data-id=\"7e4aedf7\" data-element_type=\"column\">\n\t\t\t<div class=\"elementor-widget-wrap elementor-element-populated\">\n\t\t\t\t\t\t\t\t<div class=\"elementor-element elementor-element-5a77f1be elementor-widget elementor-widget-text-editor\" data-id=\"5a77f1be\" data-element_type=\"widget\" data-widget_type=\"text-editor.default\">\n\t\t\t\t<div class=\"elementor-widget-container\">\n\t\t\t\t\t\t\t<p>Para los amantes de la <strong>micolog\u00eda<\/strong>, nuestra monta\u00f1a nos ofrece un sinf\u00edn de setas que podemos aprovechar para recoger dependiendo de la temporada.<\/p><p>En un radio de 20km podemos perdernos por pueblos y villas, algunos catalogadas dentro de \u201c<strong>Los pueblos m\u00e1s bonitos de Espa\u00f1a<\/strong>\u201c. <strong>Riaza<\/strong> (6km), <strong>Ayll\u00f3n<\/strong>, <strong>Maderuelo<\/strong>, <strong>Sep\u00falveda<\/strong>, <strong>Pedraza<\/strong>, etc., son visitas que no podemos dejar de hacer por su gran riqueza arquitect\u00f3nica, patrimonial, cultural y natural.<\/p><p>No nos podemos olvidar de \u201c<strong>Los pueblos del color<\/strong>\u201c, los pueblos amarillos, rojos y negros del <strong>Nordeste de Segovia<\/strong>, (<strong>Mart\u00edn Mu\u00f1oz<\/strong>, <strong>Madriguera<\/strong>, <strong>El Muyo<\/strong>, etc)<\/p><p>Para los amantes de los deportes de invierno, colaboramos con la escuela de esqu\u00ed <strong>TANDEM,\u00a0<\/strong><span style=\"caret-color: #555555; color: #555555; font-family: Arial, Helvetica, sans-serif; font-size: 15.399999618530273px;\">haciendo <span style=\"text-decoration: underline;\"><span style=\"color: #ff6600; text-decoration: underline;\">precios especiales<\/span><\/span> a grupos de formaci\u00f3n que realicen sus cursos con TANDEM en\u00a0<\/span><strong style=\"font-weight: bold; caret-color: #555555; color: #555555; font-family: Arial, Helvetica, sans-serif; font-size: 15.399999618530273px;\">La Pinilla<\/strong><span style=\"caret-color: #555555; color: #555555; font-family: Arial, Helvetica, sans-serif; font-size: 15.399999618530273px;\">, a tan solo 10Km de nuestro Alojamiento Rural. Puedes consultar mas informaci\u00f3n en www.esquitandem.com (653 88 85 71)<\/span><\/p>\t\t\t\t\t\t<\/div>\n\t\t\t\t<\/div>\n\t\t\t\t<div class=\"elementor-element elementor-element-6efb9ca9 elementor-widget elementor-widget-theme-post-featured-image elementor-widget-image\" data-id=\"6efb9ca9\" data-element_type=\"widget\" data-widget_type=\"theme-post-featured-image.default\">\n\t\t\t\t<div class=\"elementor-widget-container\">\n\t\t\t\t\t\t\t\t\t\t\t\t\t\t\t<img loading=\"lazy\" decoding=\"async\" width=\"393\" height=\"85\" src=\"https:\/\/www.elmiradordelhayedo.com\/inicio\/wp-content\/uploads\/2022\/07\/logo_tandem_escuela_de_esqui.png\" class=\"attachment-large size-large wp-image-1058\" alt=\"\" srcset=\"https:\/\/www.elmiradordelhayedo.com\/inicio\/wp-content\/uploads\/2022\/07\/logo_tandem_escuela_de_esqui.png 393w, https:\/\/www.elmiradordelhayedo.com\/inicio\/wp-content\/uploads\/2022\/07\/logo_tandem_escuela_de_esqui-300x65.png 300w\" sizes=\"auto, (max-width: 393px) 100vw, 393px\" \/>\t\t\t\t\t\t\t\t\t\t\t\t\t\t\t<\/div>\n\t\t\t\t<\/div>\n\t\t\t\t\t<\/div>\n\t\t<\/div>\n\t\t\t\t<div class=\"elementor-column elementor-col-50 elementor-inner-column elementor-element elementor-element-6f72437e\" data-id=\"6f72437e\" data-element_type=\"column\">\n\t\t\t<div class=\"elementor-widget-wrap elementor-element-populated\">\n\t\t\t\t\t\t\t\t<div class=\"elementor-element elementor-element-1d11ab73 elementor-widget elementor-widget-text-editor\" data-id=\"1d11ab73\" data-element_type=\"widget\" data-widget_type=\"text-editor.default\">\n\t\t\t\t<div class=\"elementor-widget-container\">\n\t\t\t\t\t\t\t<p><strong>La Pinilla<\/strong> ofrece otras opciones interesantes, ya que en primavera y verano se convierte en <strong>BikePark<\/strong>.<\/p><p>En las inmediaciones a la estaci\u00f3n podemos realizar deportes de <strong>multiaventura<\/strong> en un gran parque acrob\u00e1tico forestal.<\/p><p>A pocos metros de nuestro Alojamiento Rural, en la dehesa de <strong>Riofr\u00edo<\/strong>, el <strong>agroturismo<\/strong> llega de la mano de <strong>BerryGood<\/strong> y sus frutos del bosque.<\/p><p><strong>Yacimientos arqueol\u00f3gicos<\/strong> como el de <strong>Tiermes<\/strong>, antigua ciudad celt\u00edbera o <strong>yacimientos prehist\u00f3ricos<\/strong>, como la <strong>Cueva de los Enebralejos<\/strong>, la m\u00e1s importante de las conocidas en la provincia de <strong>Segovia<\/strong>, que nos ense\u00f1a un esplendido conjunto de estalactitas, estalagmitas, columnas, banderas\u2026 que se suceden a medida que nos adentramos en ella, son otras de las interesantes y sorprendentes visitas que puedes realizar en nuestro entorno.<\/p><p>Y tan cerca como estamos de la <strong>Ribera del Duero<\/strong>, no nos podemos olvidar de visitar alguna bodega.<\/p><p>La combinaci\u00f3n de todo ello con la <b>gastronom\u00eda<\/b> de la comarca har\u00e1n que la experiencia sea perfecta.<\/p><p>Solo queda disfrutar de la estancia. Hasta siempre!<\/p>\t\t\t\t\t\t<\/div>\n\t\t\t\t<\/div>\n\t\t\t\t\t<\/div>\n\t\t<\/div>\n\t\t\t\t\t\t\t<\/div>\n\t\t<\/section>\n\t\t\t\t\t<\/div>\n\t\t<\/div>\n\t\t\t\t\t\t\t<\/div>\n\t\t<\/section>\n\t\t\t\t\t\t\t<\/div>\n\t\t","protected":false},"excerpt":{"rendered":"<p>\u00bfQu\u00e9 hacer? Nos encontramos en la Sierra de Ayll\u00f3n, en Riofr\u00edo de Riaza , el pueblo m\u00e1s alto de la provincia de Segovia (1312m). Un paraje espectacular que nos ofrece un abanico enorme de sitios a visitar y diferentes formas de llegar a ellos, en coche, practicando senderismo, a caballo, en bicicleta de monta\u00f1a\u2026 En [&hellip;]<\/p>\n","protected":false},"author":1,"featured_media":0,"parent":0,"menu_order":0,"comment_status":"closed","ping_status":"closed","template":"","meta":{"footnotes":""},"class_list":["post-1107","page","type-page","status-publish","hentry"],"yoast_head":"<!-- This site is optimized with the Yoast SEO plugin v22.5 - https:\/\/yoast.com\/wordpress\/plugins\/seo\/ -->\n<title>Qu\u00e9 hacer - El Mirador del Hayedo - Casa Rural<\/title>\n<meta name=\"robots\" content=\"index, follow, max-snippet:-1, max-image-preview:large, max-video-preview:-1\" \/>\n<link rel=\"canonical\" href=\"https:\/\/www.elmiradordelhayedo.com\/inicio\/que-hacer\/\" \/>\n<meta property=\"og:locale\" content=\"es_ES\" \/>\n<meta property=\"og:type\" content=\"article\" \/>\n<meta property=\"og:title\" content=\"Qu\u00e9 hacer - El Mirador del Hayedo - Casa Rural\" \/>\n<meta property=\"og:description\" content=\"\u00bfQu\u00e9 hacer? Nos encontramos en la Sierra de Ayll\u00f3n, en Riofr\u00edo de Riaza , el pueblo m\u00e1s alto de la provincia de Segovia (1312m). Un paraje espectacular que nos ofrece un abanico enorme de sitios a visitar y diferentes formas de llegar a ellos, en coche, practicando senderismo, a caballo, en bicicleta de monta\u00f1a\u2026 En [&hellip;]\" \/>\n<meta property=\"og:url\" content=\"https:\/\/www.elmiradordelhayedo.com\/inicio\/que-hacer\/\" \/>\n<meta property=\"og:site_name\" content=\"El Mirador del Hayedo - Casa Rural\" \/>\n<meta property=\"article:modified_time\" content=\"2022-09-17T07:47:37+00:00\" \/>\n<meta property=\"og:image\" content=\"https:\/\/www.elmiradordelhayedo.com\/inicio\/wp-content\/uploads\/2023\/02\/casa_rural_el_mirador_del_hayedo_83.jpg\" \/>\n\t<meta property=\"og:image:width\" content=\"1920\" \/>\n\t<meta property=\"og:image:height\" content=\"1279\" \/>\n\t<meta property=\"og:image:type\" content=\"image\/jpeg\" \/>\n<meta name=\"twitter:card\" content=\"summary_large_image\" \/>\n<meta name=\"twitter:label1\" content=\"Tiempo de lectura\" \/>\n\t<meta name=\"twitter:data1\" content=\"3 minutos\" \/>\n<script type=\"application\/ld+json\" class=\"yoast-schema-graph\">{\"@context\":\"https:\/\/schema.org\",\"@graph\":[{\"@type\":\"WebPage\",\"@id\":\"https:\/\/www.elmiradordelhayedo.com\/inicio\/que-hacer\/\",\"url\":\"https:\/\/www.elmiradordelhayedo.com\/inicio\/que-hacer\/\",\"name\":\"Qu\u00e9 hacer - El Mirador del Hayedo - Casa Rural\",\"isPartOf\":{\"@id\":\"https:\/\/www.elmiradordelhayedo.com\/inicio\/#website\"},\"datePublished\":\"2022-09-04T08:19:42+00:00\",\"dateModified\":\"2022-09-17T07:47:37+00:00\",\"breadcrumb\":{\"@id\":\"https:\/\/www.elmiradordelhayedo.com\/inicio\/que-hacer\/#breadcrumb\"},\"inLanguage\":\"es\",\"potentialAction\":[{\"@type\":\"ReadAction\",\"target\":[\"https:\/\/www.elmiradordelhayedo.com\/inicio\/que-hacer\/\"]}]},{\"@type\":\"BreadcrumbList\",\"@id\":\"https:\/\/www.elmiradordelhayedo.com\/inicio\/que-hacer\/#breadcrumb\",\"itemListElement\":[{\"@type\":\"ListItem\",\"position\":1,\"name\":\"Portada\",\"item\":\"https:\/\/www.elmiradordelhayedo.com\/inicio\/\"},{\"@type\":\"ListItem\",\"position\":2,\"name\":\"Qu\u00e9 hacer\"}]},{\"@type\":\"WebSite\",\"@id\":\"https:\/\/www.elmiradordelhayedo.com\/inicio\/#website\",\"url\":\"https:\/\/www.elmiradordelhayedo.com\/inicio\/\",\"name\":\"El Mirador del Hayedo\",\"description\":\"Casa Rural para familias y grupos de amigos en Riofr\u00edo de Riaza, cerca de la Pinilla y La Pedrosa - 699 181 170\",\"publisher\":{\"@id\":\"https:\/\/www.elmiradordelhayedo.com\/inicio\/#organization\"},\"alternateName\":\"Casa rural Riaza\",\"potentialAction\":[{\"@type\":\"SearchAction\",\"target\":{\"@type\":\"EntryPoint\",\"urlTemplate\":\"https:\/\/www.elmiradordelhayedo.com\/inicio\/?s={search_term_string}\"},\"query-input\":\"required name=search_term_string\"}],\"inLanguage\":\"es\"},{\"@type\":\"Organization\",\"@id\":\"https:\/\/www.elmiradordelhayedo.com\/inicio\/#organization\",\"name\":\"El Mirador del Hayedo\",\"url\":\"https:\/\/www.elmiradordelhayedo.com\/inicio\/\",\"logo\":{\"@type\":\"ImageObject\",\"inLanguage\":\"es\",\"@id\":\"https:\/\/www.elmiradordelhayedo.com\/inicio\/#\/schema\/logo\/image\/\",\"url\":\"https:\/\/www.elmiradordelhayedo.com\/inicio\/wp-content\/uploads\/2022\/05\/logo_elmiradordelhayedo_alojamiento_rural_telefono.png\",\"contentUrl\":\"https:\/\/www.elmiradordelhayedo.com\/inicio\/wp-content\/uploads\/2022\/05\/logo_elmiradordelhayedo_alojamiento_rural_telefono.png\",\"width\":726,\"height\":146,\"caption\":\"El Mirador del Hayedo\"},\"image\":{\"@id\":\"https:\/\/www.elmiradordelhayedo.com\/inicio\/#\/schema\/logo\/image\/\"},\"sameAs\":[\"https:\/\/www.instagram.com\/elmiradordelhayedo\/\"]}]}<\/script>\n<!-- \/ Yoast SEO plugin. -->","yoast_head_json":{"title":"Qu\u00e9 hacer - El Mirador del Hayedo - Casa Rural","robots":{"index":"index","follow":"follow","max-snippet":"max-snippet:-1","max-image-preview":"max-image-preview:large","max-video-preview":"max-video-preview:-1"},"canonical":"https:\/\/www.elmiradordelhayedo.com\/inicio\/que-hacer\/","og_locale":"es_ES","og_type":"article","og_title":"Qu\u00e9 hacer - El Mirador del Hayedo - Casa Rural","og_description":"\u00bfQu\u00e9 hacer? Nos encontramos en la Sierra de Ayll\u00f3n, en Riofr\u00edo de Riaza , el pueblo m\u00e1s alto de la provincia de Segovia (1312m). Un paraje espectacular que nos ofrece un abanico enorme de sitios a visitar y diferentes formas de llegar a ellos, en coche, practicando senderismo, a caballo, en bicicleta de monta\u00f1a\u2026 En [&hellip;]","og_url":"https:\/\/www.elmiradordelhayedo.com\/inicio\/que-hacer\/","og_site_name":"El Mirador del Hayedo - Casa Rural","article_modified_time":"2022-09-17T07:47:37+00:00","og_image":[{"width":1920,"height":1279,"url":"https:\/\/www.elmiradordelhayedo.com\/inicio\/wp-content\/uploads\/2023\/02\/casa_rural_el_mirador_del_hayedo_83.jpg","type":"image\/jpeg"}],"twitter_card":"summary_large_image","twitter_misc":{"Tiempo de lectura":"3 minutos"},"schema":{"@context":"https:\/\/schema.org","@graph":[{"@type":"WebPage","@id":"https:\/\/www.elmiradordelhayedo.com\/inicio\/que-hacer\/","url":"https:\/\/www.elmiradordelhayedo.com\/inicio\/que-hacer\/","name":"Qu\u00e9 hacer - El Mirador del Hayedo - Casa Rural","isPartOf":{"@id":"https:\/\/www.elmiradordelhayedo.com\/inicio\/#website"},"datePublished":"2022-09-04T08:19:42+00:00","dateModified":"2022-09-17T07:47:37+00:00","breadcrumb":{"@id":"https:\/\/www.elmiradordelhayedo.com\/inicio\/que-hacer\/#breadcrumb"},"inLanguage":"es","potentialAction":[{"@type":"ReadAction","target":["https:\/\/www.elmiradordelhayedo.com\/inicio\/que-hacer\/"]}]},{"@type":"BreadcrumbList","@id":"https:\/\/www.elmiradordelhayedo.com\/inicio\/que-hacer\/#breadcrumb","itemListElement":[{"@type":"ListItem","position":1,"name":"Portada","item":"https:\/\/www.elmiradordelhayedo.com\/inicio\/"},{"@type":"ListItem","position":2,"name":"Qu\u00e9 hacer"}]},{"@type":"WebSite","@id":"https:\/\/www.elmiradordelhayedo.com\/inicio\/#website","url":"https:\/\/www.elmiradordelhayedo.com\/inicio\/","name":"El Mirador del Hayedo","description":"Casa Rural para familias y grupos de amigos en Riofr\u00edo de Riaza, cerca de la Pinilla y La Pedrosa - 699 181 170","publisher":{"@id":"https:\/\/www.elmiradordelhayedo.com\/inicio\/#organization"},"alternateName":"Casa rural Riaza","potentialAction":[{"@type":"SearchAction","target":{"@type":"EntryPoint","urlTemplate":"https:\/\/www.elmiradordelhayedo.com\/inicio\/?s={search_term_string}"},"query-input":"required name=search_term_string"}],"inLanguage":"es"},{"@type":"Organization","@id":"https:\/\/www.elmiradordelhayedo.com\/inicio\/#organization","name":"El Mirador del Hayedo","url":"https:\/\/www.elmiradordelhayedo.com\/inicio\/","logo":{"@type":"ImageObject","inLanguage":"es","@id":"https:\/\/www.elmiradordelhayedo.com\/inicio\/#\/schema\/logo\/image\/","url":"https:\/\/www.elmiradordelhayedo.com\/inicio\/wp-content\/uploads\/2022\/05\/logo_elmiradordelhayedo_alojamiento_rural_telefono.png","contentUrl":"https:\/\/www.elmiradordelhayedo.com\/inicio\/wp-content\/uploads\/2022\/05\/logo_elmiradordelhayedo_alojamiento_rural_telefono.png","width":726,"height":146,"caption":"El Mirador del Hayedo"},"image":{"@id":"https:\/\/www.elmiradordelhayedo.com\/inicio\/#\/schema\/logo\/image\/"},"sameAs":["https:\/\/www.instagram.com\/elmiradordelhayedo\/"]}]}},"_links":{"self":[{"href":"https:\/\/www.elmiradordelhayedo.com\/inicio\/wp-json\/wp\/v2\/pages\/1107","targetHints":{"allow":["GET"]}}],"collection":[{"href":"https:\/\/www.elmiradordelhayedo.com\/inicio\/wp-json\/wp\/v2\/pages"}],"about":[{"href":"https:\/\/www.elmiradordelhayedo.com\/inicio\/wp-json\/wp\/v2\/types\/page"}],"author":[{"embeddable":true,"href":"https:\/\/www.elmiradordelhayedo.com\/inicio\/wp-json\/wp\/v2\/users\/1"}],"replies":[{"embeddable":true,"href":"https:\/\/www.elmiradordelhayedo.com\/inicio\/wp-json\/wp\/v2\/comments?post=1107"}],"version-history":[{"count":15,"href":"https:\/\/www.elmiradordelhayedo.com\/inicio\/wp-json\/wp\/v2\/pages\/1107\/revisions"}],"predecessor-version":[{"id":1192,"href":"https:\/\/www.elmiradordelhayedo.com\/inicio\/wp-json\/wp\/v2\/pages\/1107\/revisions\/1192"}],"wp:attachment":[{"href":"https:\/\/www.elmiradordelhayedo.com\/inicio\/wp-json\/wp\/v2\/media?parent=1107"}],"curies":[{"name":"wp","href":"https:\/\/api.w.org\/{rel}","templated":true}]}}